{"id":1780,"date":"2022-10-06T07:44:12","date_gmt":"2022-10-06T10:44:12","guid":{"rendered":"https:\/\/marianamachuca.com\/eventos\/presentacion-del-libro-conocete-aqui-y-ahora\/"},"modified":"2022-10-12T16:56:14","modified_gmt":"2022-10-12T14:56:14","slug":"presentacion-del-libro-conocete-aqui-y-ahora","status":"publish","type":"mec-events","link":"https:\/\/marianamachuca.com\/it\/eventos\/presentacion-del-libro-conocete-aqui-y-ahora\/","title":{"rendered":"Presentaci\u00f3n del libro CON\u00d3CETE AQU\u00cd Y AHORA"},"content":{"rendered":"<p>El mi\u00e9rcoles 19 de octubre a las 19h en Casa del Libro de Paseo de Gracia 62 (BCN), presentaremos el libro Con\u00f3cete aqu\u00ed y ahora.<\/p>\n<p><span style=\"color: #333333;\">Ser\u00e1 una oportunidad para compartir cuales son aquellos temas m\u00e1s consultados en terapia y que podemos hacer cuando en diferentes \u00e1mbitos de nuestra vida surgen a veces dificultades.<\/span><\/p>\n<p><span style=\"color: #333333;\">Mi aportaci\u00f3n es en el \u00e1mbito de la relaci\u00f3n entre padres e hijos, ofreciendo recursos para tomar conciencia y sanar heridas que nos permitan un desarrollo mas saludable y feliz.<\/span><\/p>\n<p><span style=\"color: #333333;\">Compartiremos como naci\u00f3 la idea de este libro y puede ser una linda ocasi\u00f3n para conocernos y compartir reflexiones.<\/span><\/p>","protected":false},"excerpt":{"rendered":"<p>Mi aportaci\u00f3n es en el \u00e1mbito de la relaci\u00f3n entre padres e hijos, ofreciendo recursos para tomar conciencia y sanar heridas que nos permitan un desarrollo mas saludable y feliz.<\/p>","protected":false},"author":3,"featured_media":1911,"comment_status":"closed","ping_status":"closed","template":"","tags":[],"mec_category":[22],"class_list":["post-1780","mec-events","type-mec-events","status-publish","has-post-thumbnail","hentry","mec_category-prsentaciones"],"yoast_head":"<!-- This site is optimized with the Yoast SEO plugin v27.0 - https:\/\/yoast.com\/product\/yoast-seo-wordpress\/ -->\n<title>Presentaci\u00f3n del libro CON\u00d3CETE AQU\u00cd Y AHORA<\/title>\n<meta name=\"description\" content=\"Mi aportaci\u00f3n es en el \u00e1mbito de la relaci\u00f3n entre padres e hijos, ofreciendo recursos para tomar conciencia y sanar heridas que nos permitan un desarrollo mas saludable y feliz.\" \/>\n<meta name=\"robots\" content=\"index, follow, max-snippet:-1, max-image-preview:large, max-video-preview:-1\" \/>\n<link rel=\"canonical\" href=\"https:\/\/marianamachuca.com\/it\/eventos\/presentacion-del-libro-conocete-aqui-y-ahora\/\" \/>\n<meta property=\"og:locale\" content=\"it_IT\" \/>\n<meta property=\"og:type\" content=\"article\" \/>\n<meta property=\"og:title\" content=\"Presentaci\u00f3n del libro CON\u00d3CETE AQU\u00cd Y AHORA\" \/>\n<meta property=\"og:description\" content=\"Mi aportaci\u00f3n es en el \u00e1mbito de la relaci\u00f3n entre padres e hijos, ofreciendo recursos para tomar conciencia y sanar heridas que nos permitan un desarrollo mas saludable y feliz.\" \/>\n<meta property=\"og:url\" content=\"https:\/\/marianamachuca.com\/it\/eventos\/presentacion-del-libro-conocete-aqui-y-ahora\/\" \/>\n<meta property=\"og:site_name\" content=\"Mariana Machuca\" \/>\n<meta property=\"article:publisher\" content=\"https:\/\/www.facebook.com\/mariana.machuca.5\" \/>\n<meta property=\"article:modified_time\" content=\"2022-10-12T14:56:14+00:00\" \/>\n<meta property=\"og:image\" content=\"https:\/\/marianamachuca.com\/wp-content\/uploads\/2022\/10\/Casa-del-libro-1.jpeg\" \/>\n\t<meta property=\"og:image:width\" content=\"1080\" \/>\n\t<meta property=\"og:image:height\" content=\"1080\" \/>\n\t<meta property=\"og:image:type\" content=\"image\/jpeg\" \/>\n<meta name=\"twitter:card\" content=\"summary_large_image\" \/>\n<meta name=\"twitter:label1\" content=\"Tempo di lettura stimato\" \/>\n\t<meta name=\"twitter:data1\" content=\"1 minuto\" \/>\n<script type=\"application\/ld+json\" class=\"yoast-schema-graph\">{\"@context\":\"https:\/\/schema.org\",\"@graph\":[{\"@type\":\"WebPage\",\"@id\":\"https:\/\/marianamachuca.com\/eventos\/presentacion-del-libro-conocete-aqui-y-ahora\/\",\"url\":\"https:\/\/marianamachuca.com\/eventos\/presentacion-del-libro-conocete-aqui-y-ahora\/\",\"name\":\"Presentaci\u00f3n del libro CON\u00d3CETE AQU\u00cd Y AHORA\",\"isPartOf\":{\"@id\":\"https:\/\/marianamachuca.com\/#website\"},\"primaryImageOfPage\":{\"@id\":\"https:\/\/marianamachuca.com\/eventos\/presentacion-del-libro-conocete-aqui-y-ahora\/#primaryimage\"},\"image\":{\"@id\":\"https:\/\/marianamachuca.com\/eventos\/presentacion-del-libro-conocete-aqui-y-ahora\/#primaryimage\"},\"thumbnailUrl\":\"https:\/\/marianamachuca.com\/wp-content\/uploads\/2022\/10\/Casa-del-libro-1.jpeg\",\"datePublished\":\"2022-10-06T10:44:12+00:00\",\"dateModified\":\"2022-10-12T14:56:14+00:00\",\"description\":\"Mi aportaci\u00f3n es en el \u00e1mbito de la relaci\u00f3n entre padres e hijos, ofreciendo recursos para tomar conciencia y sanar heridas que nos permitan un desarrollo mas saludable y feliz.\",\"breadcrumb\":{\"@id\":\"https:\/\/marianamachuca.com\/eventos\/presentacion-del-libro-conocete-aqui-y-ahora\/#breadcrumb\"},\"inLanguage\":\"it-IT\",\"potentialAction\":[{\"@type\":\"ReadAction\",\"target\":[\"https:\/\/marianamachuca.com\/eventos\/presentacion-del-libro-conocete-aqui-y-ahora\/\"]}]},{\"@type\":\"ImageObject\",\"inLanguage\":\"it-IT\",\"@id\":\"https:\/\/marianamachuca.com\/eventos\/presentacion-del-libro-conocete-aqui-y-ahora\/#primaryimage\",\"url\":\"https:\/\/marianamachuca.com\/wp-content\/uploads\/2022\/10\/Casa-del-libro-1.jpeg\",\"contentUrl\":\"https:\/\/marianamachuca.com\/wp-content\/uploads\/2022\/10\/Casa-del-libro-1.jpeg\",\"width\":1080,\"height\":1080},{\"@type\":\"BreadcrumbList\",\"@id\":\"https:\/\/marianamachuca.com\/eventos\/presentacion-del-libro-conocete-aqui-y-ahora\/#breadcrumb\",\"itemListElement\":[{\"@type\":\"ListItem\",\"position\":1,\"name\":\"Portada\",\"item\":\"https:\/\/marianamachuca.com\/\"},{\"@type\":\"ListItem\",\"position\":2,\"name\":\"Eventos\",\"item\":\"https:\/\/marianamachuca.com\/events\/\"},{\"@type\":\"ListItem\",\"position\":3,\"name\":\"Presentaci\u00f3n del libro CON\u00d3CETE AQU\u00cd Y AHORA\"}]},{\"@type\":\"WebSite\",\"@id\":\"https:\/\/marianamachuca.com\/#website\",\"url\":\"https:\/\/marianamachuca.com\/\",\"name\":\"Mariana Machuca\",\"description\":\"Gestalt \u2013 Constelaciones \u2013 Eneagrama\",\"publisher\":{\"@id\":\"https:\/\/marianamachuca.com\/#organization\"},\"potentialAction\":[{\"@type\":\"SearchAction\",\"target\":{\"@type\":\"EntryPoint\",\"urlTemplate\":\"https:\/\/marianamachuca.com\/?s={search_term_string}\"},\"query-input\":{\"@type\":\"PropertyValueSpecification\",\"valueRequired\":true,\"valueName\":\"search_term_string\"}}],\"inLanguage\":\"it-IT\"},{\"@type\":\"Organization\",\"@id\":\"https:\/\/marianamachuca.com\/#organization\",\"name\":\"MARIANA MACHUCA\",\"url\":\"https:\/\/marianamachuca.com\/\",\"logo\":{\"@type\":\"ImageObject\",\"inLanguage\":\"it-IT\",\"@id\":\"https:\/\/marianamachuca.com\/#\/schema\/logo\/image\/\",\"url\":\"https:\/\/marianamachuca.com\/wp-content\/uploads\/2022\/09\/Mariana-machuca-1.jpg\",\"contentUrl\":\"https:\/\/marianamachuca.com\/wp-content\/uploads\/2022\/09\/Mariana-machuca-1.jpg\",\"width\":940,\"height\":788,\"caption\":\"MARIANA MACHUCA\"},\"image\":{\"@id\":\"https:\/\/marianamachuca.com\/#\/schema\/logo\/image\/\"},\"sameAs\":[\"https:\/\/www.facebook.com\/mariana.machuca.5\",\"https:\/\/www.instagram.com\/mariana_machuca_10\/\",\"https:\/\/www.linkedin.com\/in\/mariana-machuca\/\"]}]}<\/script>\n<!-- \/ Yoast SEO plugin. -->","yoast_head_json":{"title":"Presentaci\u00f3n del libro CON\u00d3CETE AQU\u00cd Y AHORA","description":"Mi aportaci\u00f3n es en el \u00e1mbito de la relaci\u00f3n entre padres e hijos, ofreciendo recursos para tomar conciencia y sanar heridas que nos permitan un desarrollo mas saludable y feliz.","robots":{"index":"index","follow":"follow","max-snippet":"max-snippet:-1","max-image-preview":"max-image-preview:large","max-video-preview":"max-video-preview:-1"},"canonical":"https:\/\/marianamachuca.com\/it\/eventos\/presentacion-del-libro-conocete-aqui-y-ahora\/","og_locale":"it_IT","og_type":"article","og_title":"Presentaci\u00f3n del libro CON\u00d3CETE AQU\u00cd Y AHORA","og_description":"Mi aportaci\u00f3n es en el \u00e1mbito de la relaci\u00f3n entre padres e hijos, ofreciendo recursos para tomar conciencia y sanar heridas que nos permitan un desarrollo mas saludable y feliz.","og_url":"https:\/\/marianamachuca.com\/it\/eventos\/presentacion-del-libro-conocete-aqui-y-ahora\/","og_site_name":"Mariana Machuca","article_publisher":"https:\/\/www.facebook.com\/mariana.machuca.5","article_modified_time":"2022-10-12T14:56:14+00:00","og_image":[{"width":1080,"height":1080,"url":"https:\/\/marianamachuca.com\/wp-content\/uploads\/2022\/10\/Casa-del-libro-1.jpeg","type":"image\/jpeg"}],"twitter_card":"summary_large_image","twitter_misc":{"Tempo di lettura stimato":"1 minuto"},"schema":{"@context":"https:\/\/schema.org","@graph":[{"@type":"WebPage","@id":"https:\/\/marianamachuca.com\/eventos\/presentacion-del-libro-conocete-aqui-y-ahora\/","url":"https:\/\/marianamachuca.com\/eventos\/presentacion-del-libro-conocete-aqui-y-ahora\/","name":"Presentaci\u00f3n del libro CON\u00d3CETE AQU\u00cd Y AHORA","isPartOf":{"@id":"https:\/\/marianamachuca.com\/#website"},"primaryImageOfPage":{"@id":"https:\/\/marianamachuca.com\/eventos\/presentacion-del-libro-conocete-aqui-y-ahora\/#primaryimage"},"image":{"@id":"https:\/\/marianamachuca.com\/eventos\/presentacion-del-libro-conocete-aqui-y-ahora\/#primaryimage"},"thumbnailUrl":"https:\/\/marianamachuca.com\/wp-content\/uploads\/2022\/10\/Casa-del-libro-1.jpeg","datePublished":"2022-10-06T10:44:12+00:00","dateModified":"2022-10-12T14:56:14+00:00","description":"Mi aportaci\u00f3n es en el \u00e1mbito de la relaci\u00f3n entre padres e hijos, ofreciendo recursos para tomar conciencia y sanar heridas que nos permitan un desarrollo mas saludable y feliz.","breadcrumb":{"@id":"https:\/\/marianamachuca.com\/eventos\/presentacion-del-libro-conocete-aqui-y-ahora\/#breadcrumb"},"inLanguage":"it-IT","potentialAction":[{"@type":"ReadAction","target":["https:\/\/marianamachuca.com\/eventos\/presentacion-del-libro-conocete-aqui-y-ahora\/"]}]},{"@type":"ImageObject","inLanguage":"it-IT","@id":"https:\/\/marianamachuca.com\/eventos\/presentacion-del-libro-conocete-aqui-y-ahora\/#primaryimage","url":"https:\/\/marianamachuca.com\/wp-content\/uploads\/2022\/10\/Casa-del-libro-1.jpeg","contentUrl":"https:\/\/marianamachuca.com\/wp-content\/uploads\/2022\/10\/Casa-del-libro-1.jpeg","width":1080,"height":1080},{"@type":"BreadcrumbList","@id":"https:\/\/marianamachuca.com\/eventos\/presentacion-del-libro-conocete-aqui-y-ahora\/#breadcrumb","itemListElement":[{"@type":"ListItem","position":1,"name":"Portada","item":"https:\/\/marianamachuca.com\/"},{"@type":"ListItem","position":2,"name":"Eventos","item":"https:\/\/marianamachuca.com\/events\/"},{"@type":"ListItem","position":3,"name":"Presentaci\u00f3n del libro CON\u00d3CETE AQU\u00cd Y AHORA"}]},{"@type":"WebSite","@id":"https:\/\/marianamachuca.com\/#website","url":"https:\/\/marianamachuca.com\/","name":"Mariana Machuca","description":"Gestalt \u2013 Constelaciones \u2013 Eneagrama","publisher":{"@id":"https:\/\/marianamachuca.com\/#organization"},"potentialAction":[{"@type":"SearchAction","target":{"@type":"EntryPoint","urlTemplate":"https:\/\/marianamachuca.com\/?s={search_term_string}"},"query-input":{"@type":"PropertyValueSpecification","valueRequired":true,"valueName":"search_term_string"}}],"inLanguage":"it-IT"},{"@type":"Organization","@id":"https:\/\/marianamachuca.com\/#organization","name":"MARIANA MACHUCA","url":"https:\/\/marianamachuca.com\/","logo":{"@type":"ImageObject","inLanguage":"it-IT","@id":"https:\/\/marianamachuca.com\/#\/schema\/logo\/image\/","url":"https:\/\/marianamachuca.com\/wp-content\/uploads\/2022\/09\/Mariana-machuca-1.jpg","contentUrl":"https:\/\/marianamachuca.com\/wp-content\/uploads\/2022\/09\/Mariana-machuca-1.jpg","width":940,"height":788,"caption":"MARIANA MACHUCA"},"image":{"@id":"https:\/\/marianamachuca.com\/#\/schema\/logo\/image\/"},"sameAs":["https:\/\/www.facebook.com\/mariana.machuca.5","https:\/\/www.instagram.com\/mariana_machuca_10\/","https:\/\/www.linkedin.com\/in\/mariana-machuca\/"]}]}},"_links":{"self":[{"href":"https:\/\/marianamachuca.com\/it\/wp-json\/wp\/v2\/mec-events\/1780","targetHints":{"allow":["GET"]}}],"collection":[{"href":"https:\/\/marianamachuca.com\/it\/wp-json\/wp\/v2\/mec-events"}],"about":[{"href":"https:\/\/marianamachuca.com\/it\/wp-json\/wp\/v2\/types\/mec-events"}],"author":[{"embeddable":true,"href":"https:\/\/marianamachuca.com\/it\/wp-json\/wp\/v2\/users\/3"}],"replies":[{"embeddable":true,"href":"https:\/\/marianamachuca.com\/it\/wp-json\/wp\/v2\/comments?post=1780"}],"version-history":[{"count":0,"href":"https:\/\/marianamachuca.com\/it\/wp-json\/wp\/v2\/mec-events\/1780\/revisions"}],"wp:featuredmedia":[{"embeddable":true,"href":"https:\/\/marianamachuca.com\/it\/wp-json\/wp\/v2\/media\/1911"}],"wp:attachment":[{"href":"https:\/\/marianamachuca.com\/it\/wp-json\/wp\/v2\/media?parent=1780"}],"wp:term":[{"taxonomy":"post_tag","embeddable":true,"href":"https:\/\/marianamachuca.com\/it\/wp-json\/wp\/v2\/tags?post=1780"},{"taxonomy":"mec_category","embeddable":true,"href":"https:\/\/marianamachuca.com\/it\/wp-json\/wp\/v2\/mec_category?post=1780"}],"curies":[{"name":"wp","href":"https:\/\/api.w.org\/{rel}","templated":true}]}}