{"id":1781,"date":"2022-10-06T08:00:20","date_gmt":"2022-10-06T11:00:20","guid":{"rendered":"https:\/\/marianamachuca.com\/?post_type=mec-events&#038;p=1781"},"modified":"2022-10-13T00:06:23","modified_gmt":"2022-10-12T22:06:23","slug":"presentacion-del-libro-conocete-aqui-y-ahora-2","status":"publish","type":"mec-events","link":"https:\/\/marianamachuca.com\/it\/eventos\/presentacion-del-libro-conocete-aqui-y-ahora-2\/","title":{"rendered":"Presentaci\u00f3n del libro CON\u00d3CETE AQUI Y AHORA"},"content":{"rendered":"<p><span style=\"color: #333333;\">El mi\u00e9rcoles 9 de noviembre a las 19h en el Institut Gestalt de Calle Verdi 94 (BCN), presentaremos el libro Con\u00f3cete aqu\u00ed y ahora.<\/span><\/p>\n<p><span style=\"color: #333333;\">El Institut es una casa muy importante para m\u00ed a nivel profesional por todos los aprendizajes que me ha ofrecido desde los m\u00faltiples roles y experiencias compartidas.<\/span><\/p>\n<p><span style=\"color: #333333;\">Me alegrar\u00e1 poder presentar este libro en un lugar donde se han inspirado muchas de las experiencias que comparto en mi cap\u00edtulo: \u00abSanar la relaci\u00f3n con los padres nos hace libres\u00bb.<\/span><\/p>\n<p>Por aforo limitado de la sala es necesaria inscripci\u00f3n previa en el enlace adjunto, donde recomiendo \u00abfiltrar\u00bb: Ciudad de <strong>Barcelona<\/strong> y Modalidad <strong>presencial\u00a0<\/strong><\/p>\n<p><a href=\"https:\/\/www.institutgestalt.com\/actividades-gratuitas\/#constelaciones\" target=\"_blank\" rel=\"noopener\">https:\/\/www.institutgestalt.com\/actividades-gratuitas\/#constelaciones<\/a><\/p>\n<p>&nbsp;<\/p>","protected":false},"excerpt":{"rendered":"<p>Me alegrar\u00e1 poder presentar este libro en un lugar donde se han inspirado muchas de las experiencias que comparto en mi cap\u00edtulo: \u00abSanar la relaci\u00f3n con los padres nos hace libres\u00bb.<\/p>","protected":false},"author":3,"featured_media":2222,"comment_status":"closed","ping_status":"closed","template":"","tags":[],"mec_category":[22],"class_list":["post-1781","mec-events","type-mec-events","status-publish","has-post-thumbnail","hentry","mec_category-prsentaciones"],"yoast_head":"<!-- This site is optimized with the Yoast SEO plugin v27.0 - https:\/\/yoast.com\/product\/yoast-seo-wordpress\/ -->\n<title>Presentaci\u00f3n del libro CON\u00d3CETE AQUI Y AHORA<\/title>\n<meta name=\"description\" content=\"Me alegrar\u00e1 poder presentar este libro en un lugar donde se han inspirado muchas de las experiencias que comparto en mi cap\u00edtulo: &quot;Sanar la relaci\u00f3n con los padres nos hace libres&quot;.\" \/>\n<meta name=\"robots\" content=\"index, follow, max-snippet:-1, max-image-preview:large, max-video-preview:-1\" \/>\n<link rel=\"canonical\" href=\"https:\/\/marianamachuca.com\/it\/eventos\/presentacion-del-libro-conocete-aqui-y-ahora-2\/\" \/>\n<meta property=\"og:locale\" content=\"it_IT\" \/>\n<meta property=\"og:type\" content=\"article\" \/>\n<meta property=\"og:title\" content=\"Presentaci\u00f3n del libro CON\u00d3CETE AQUI Y AHORA\" \/>\n<meta property=\"og:description\" content=\"Me alegrar\u00e1 poder presentar este libro en un lugar donde se han inspirado muchas de las experiencias que comparto en mi cap\u00edtulo: &quot;Sanar la relaci\u00f3n con los padres nos hace libres&quot;.\" \/>\n<meta property=\"og:url\" content=\"https:\/\/marianamachuca.com\/it\/eventos\/presentacion-del-libro-conocete-aqui-y-ahora-2\/\" \/>\n<meta property=\"og:site_name\" content=\"Mariana Machuca\" \/>\n<meta property=\"article:publisher\" content=\"https:\/\/www.facebook.com\/mariana.machuca.5\" \/>\n<meta property=\"article:modified_time\" content=\"2022-10-12T22:06:23+00:00\" \/>\n<meta property=\"og:image\" content=\"https:\/\/marianamachuca.com\/wp-content\/uploads\/2022\/10\/IG-.png\" \/>\n\t<meta property=\"og:image:width\" content=\"1024\" \/>\n\t<meta property=\"og:image:height\" content=\"1024\" \/>\n\t<meta property=\"og:image:type\" content=\"image\/png\" \/>\n<meta name=\"twitter:card\" content=\"summary_large_image\" \/>\n<meta name=\"twitter:label1\" content=\"Tempo di lettura stimato\" \/>\n\t<meta name=\"twitter:data1\" content=\"1 minuto\" \/>\n<script type=\"application\/ld+json\" class=\"yoast-schema-graph\">{\"@context\":\"https:\/\/schema.org\",\"@graph\":[{\"@type\":\"WebPage\",\"@id\":\"https:\/\/marianamachuca.com\/eventos\/presentacion-del-libro-conocete-aqui-y-ahora-2\/\",\"url\":\"https:\/\/marianamachuca.com\/eventos\/presentacion-del-libro-conocete-aqui-y-ahora-2\/\",\"name\":\"Presentaci\u00f3n del libro CON\u00d3CETE AQUI Y AHORA\",\"isPartOf\":{\"@id\":\"https:\/\/marianamachuca.com\/#website\"},\"primaryImageOfPage\":{\"@id\":\"https:\/\/marianamachuca.com\/eventos\/presentacion-del-libro-conocete-aqui-y-ahora-2\/#primaryimage\"},\"image\":{\"@id\":\"https:\/\/marianamachuca.com\/eventos\/presentacion-del-libro-conocete-aqui-y-ahora-2\/#primaryimage\"},\"thumbnailUrl\":\"https:\/\/marianamachuca.com\/wp-content\/uploads\/2022\/10\/IG-.png\",\"datePublished\":\"2022-10-06T11:00:20+00:00\",\"dateModified\":\"2022-10-12T22:06:23+00:00\",\"description\":\"Me alegrar\u00e1 poder presentar este libro en un lugar donde se han inspirado muchas de las experiencias que comparto en mi cap\u00edtulo: \\\"Sanar la relaci\u00f3n con los padres nos hace libres\\\".\",\"breadcrumb\":{\"@id\":\"https:\/\/marianamachuca.com\/eventos\/presentacion-del-libro-conocete-aqui-y-ahora-2\/#breadcrumb\"},\"inLanguage\":\"it-IT\",\"potentialAction\":[{\"@type\":\"ReadAction\",\"target\":[\"https:\/\/marianamachuca.com\/eventos\/presentacion-del-libro-conocete-aqui-y-ahora-2\/\"]}]},{\"@type\":\"ImageObject\",\"inLanguage\":\"it-IT\",\"@id\":\"https:\/\/marianamachuca.com\/eventos\/presentacion-del-libro-conocete-aqui-y-ahora-2\/#primaryimage\",\"url\":\"https:\/\/marianamachuca.com\/wp-content\/uploads\/2022\/10\/IG-.png\",\"contentUrl\":\"https:\/\/marianamachuca.com\/wp-content\/uploads\/2022\/10\/IG-.png\",\"width\":1024,\"height\":1024},{\"@type\":\"BreadcrumbList\",\"@id\":\"https:\/\/marianamachuca.com\/eventos\/presentacion-del-libro-conocete-aqui-y-ahora-2\/#breadcrumb\",\"itemListElement\":[{\"@type\":\"ListItem\",\"position\":1,\"name\":\"Portada\",\"item\":\"https:\/\/marianamachuca.com\/\"},{\"@type\":\"ListItem\",\"position\":2,\"name\":\"Eventos\",\"item\":\"https:\/\/marianamachuca.com\/events\/\"},{\"@type\":\"ListItem\",\"position\":3,\"name\":\"Presentaci\u00f3n del libro CON\u00d3CETE AQUI Y AHORA\"}]},{\"@type\":\"WebSite\",\"@id\":\"https:\/\/marianamachuca.com\/#website\",\"url\":\"https:\/\/marianamachuca.com\/\",\"name\":\"Mariana Machuca\",\"description\":\"Gestalt \u2013 Constelaciones \u2013 Eneagrama\",\"publisher\":{\"@id\":\"https:\/\/marianamachuca.com\/#organization\"},\"potentialAction\":[{\"@type\":\"SearchAction\",\"target\":{\"@type\":\"EntryPoint\",\"urlTemplate\":\"https:\/\/marianamachuca.com\/?s={search_term_string}\"},\"query-input\":{\"@type\":\"PropertyValueSpecification\",\"valueRequired\":true,\"valueName\":\"search_term_string\"}}],\"inLanguage\":\"it-IT\"},{\"@type\":\"Organization\",\"@id\":\"https:\/\/marianamachuca.com\/#organization\",\"name\":\"MARIANA MACHUCA\",\"url\":\"https:\/\/marianamachuca.com\/\",\"logo\":{\"@type\":\"ImageObject\",\"inLanguage\":\"it-IT\",\"@id\":\"https:\/\/marianamachuca.com\/#\/schema\/logo\/image\/\",\"url\":\"https:\/\/marianamachuca.com\/wp-content\/uploads\/2022\/09\/Mariana-machuca-1.jpg\",\"contentUrl\":\"https:\/\/marianamachuca.com\/wp-content\/uploads\/2022\/09\/Mariana-machuca-1.jpg\",\"width\":940,\"height\":788,\"caption\":\"MARIANA MACHUCA\"},\"image\":{\"@id\":\"https:\/\/marianamachuca.com\/#\/schema\/logo\/image\/\"},\"sameAs\":[\"https:\/\/www.facebook.com\/mariana.machuca.5\",\"https:\/\/www.instagram.com\/mariana_machuca_10\/\",\"https:\/\/www.linkedin.com\/in\/mariana-machuca\/\"]}]}<\/script>\n<!-- \/ Yoast SEO plugin. -->","yoast_head_json":{"title":"Presentaci\u00f3n del libro CON\u00d3CETE AQUI Y AHORA","description":"Me alegrar\u00e1 poder presentar este libro en un lugar donde se han inspirado muchas de las experiencias que comparto en mi cap\u00edtulo: \"Sanar la relaci\u00f3n con los padres nos hace libres\".","robots":{"index":"index","follow":"follow","max-snippet":"max-snippet:-1","max-image-preview":"max-image-preview:large","max-video-preview":"max-video-preview:-1"},"canonical":"https:\/\/marianamachuca.com\/it\/eventos\/presentacion-del-libro-conocete-aqui-y-ahora-2\/","og_locale":"it_IT","og_type":"article","og_title":"Presentaci\u00f3n del libro CON\u00d3CETE AQUI Y AHORA","og_description":"Me alegrar\u00e1 poder presentar este libro en un lugar donde se han inspirado muchas de las experiencias que comparto en mi cap\u00edtulo: \"Sanar la relaci\u00f3n con los padres nos hace libres\".","og_url":"https:\/\/marianamachuca.com\/it\/eventos\/presentacion-del-libro-conocete-aqui-y-ahora-2\/","og_site_name":"Mariana Machuca","article_publisher":"https:\/\/www.facebook.com\/mariana.machuca.5","article_modified_time":"2022-10-12T22:06:23+00:00","og_image":[{"width":1024,"height":1024,"url":"https:\/\/marianamachuca.com\/wp-content\/uploads\/2022\/10\/IG-.png","type":"image\/png"}],"twitter_card":"summary_large_image","twitter_misc":{"Tempo di lettura stimato":"1 minuto"},"schema":{"@context":"https:\/\/schema.org","@graph":[{"@type":"WebPage","@id":"https:\/\/marianamachuca.com\/eventos\/presentacion-del-libro-conocete-aqui-y-ahora-2\/","url":"https:\/\/marianamachuca.com\/eventos\/presentacion-del-libro-conocete-aqui-y-ahora-2\/","name":"Presentaci\u00f3n del libro CON\u00d3CETE AQUI Y AHORA","isPartOf":{"@id":"https:\/\/marianamachuca.com\/#website"},"primaryImageOfPage":{"@id":"https:\/\/marianamachuca.com\/eventos\/presentacion-del-libro-conocete-aqui-y-ahora-2\/#primaryimage"},"image":{"@id":"https:\/\/marianamachuca.com\/eventos\/presentacion-del-libro-conocete-aqui-y-ahora-2\/#primaryimage"},"thumbnailUrl":"https:\/\/marianamachuca.com\/wp-content\/uploads\/2022\/10\/IG-.png","datePublished":"2022-10-06T11:00:20+00:00","dateModified":"2022-10-12T22:06:23+00:00","description":"Me alegrar\u00e1 poder presentar este libro en un lugar donde se han inspirado muchas de las experiencias que comparto en mi cap\u00edtulo: \"Sanar la relaci\u00f3n con los padres nos hace libres\".","breadcrumb":{"@id":"https:\/\/marianamachuca.com\/eventos\/presentacion-del-libro-conocete-aqui-y-ahora-2\/#breadcrumb"},"inLanguage":"it-IT","potentialAction":[{"@type":"ReadAction","target":["https:\/\/marianamachuca.com\/eventos\/presentacion-del-libro-conocete-aqui-y-ahora-2\/"]}]},{"@type":"ImageObject","inLanguage":"it-IT","@id":"https:\/\/marianamachuca.com\/eventos\/presentacion-del-libro-conocete-aqui-y-ahora-2\/#primaryimage","url":"https:\/\/marianamachuca.com\/wp-content\/uploads\/2022\/10\/IG-.png","contentUrl":"https:\/\/marianamachuca.com\/wp-content\/uploads\/2022\/10\/IG-.png","width":1024,"height":1024},{"@type":"BreadcrumbList","@id":"https:\/\/marianamachuca.com\/eventos\/presentacion-del-libro-conocete-aqui-y-ahora-2\/#breadcrumb","itemListElement":[{"@type":"ListItem","position":1,"name":"Portada","item":"https:\/\/marianamachuca.com\/"},{"@type":"ListItem","position":2,"name":"Eventos","item":"https:\/\/marianamachuca.com\/events\/"},{"@type":"ListItem","position":3,"name":"Presentaci\u00f3n del libro CON\u00d3CETE AQUI Y AHORA"}]},{"@type":"WebSite","@id":"https:\/\/marianamachuca.com\/#website","url":"https:\/\/marianamachuca.com\/","name":"Mariana Machuca","description":"Gestalt \u2013 Constelaciones \u2013 Eneagrama","publisher":{"@id":"https:\/\/marianamachuca.com\/#organization"},"potentialAction":[{"@type":"SearchAction","target":{"@type":"EntryPoint","urlTemplate":"https:\/\/marianamachuca.com\/?s={search_term_string}"},"query-input":{"@type":"PropertyValueSpecification","valueRequired":true,"valueName":"search_term_string"}}],"inLanguage":"it-IT"},{"@type":"Organization","@id":"https:\/\/marianamachuca.com\/#organization","name":"MARIANA MACHUCA","url":"https:\/\/marianamachuca.com\/","logo":{"@type":"ImageObject","inLanguage":"it-IT","@id":"https:\/\/marianamachuca.com\/#\/schema\/logo\/image\/","url":"https:\/\/marianamachuca.com\/wp-content\/uploads\/2022\/09\/Mariana-machuca-1.jpg","contentUrl":"https:\/\/marianamachuca.com\/wp-content\/uploads\/2022\/09\/Mariana-machuca-1.jpg","width":940,"height":788,"caption":"MARIANA MACHUCA"},"image":{"@id":"https:\/\/marianamachuca.com\/#\/schema\/logo\/image\/"},"sameAs":["https:\/\/www.facebook.com\/mariana.machuca.5","https:\/\/www.instagram.com\/mariana_machuca_10\/","https:\/\/www.linkedin.com\/in\/mariana-machuca\/"]}]}},"_links":{"self":[{"href":"https:\/\/marianamachuca.com\/it\/wp-json\/wp\/v2\/mec-events\/1781","targetHints":{"allow":["GET"]}}],"collection":[{"href":"https:\/\/marianamachuca.com\/it\/wp-json\/wp\/v2\/mec-events"}],"about":[{"href":"https:\/\/marianamachuca.com\/it\/wp-json\/wp\/v2\/types\/mec-events"}],"author":[{"embeddable":true,"href":"https:\/\/marianamachuca.com\/it\/wp-json\/wp\/v2\/users\/3"}],"replies":[{"embeddable":true,"href":"https:\/\/marianamachuca.com\/it\/wp-json\/wp\/v2\/comments?post=1781"}],"version-history":[{"count":1,"href":"https:\/\/marianamachuca.com\/it\/wp-json\/wp\/v2\/mec-events\/1781\/revisions"}],"predecessor-version":[{"id":2219,"href":"https:\/\/marianamachuca.com\/it\/wp-json\/wp\/v2\/mec-events\/1781\/revisions\/2219"}],"wp:featuredmedia":[{"embeddable":true,"href":"https:\/\/marianamachuca.com\/it\/wp-json\/wp\/v2\/media\/2222"}],"wp:attachment":[{"href":"https:\/\/marianamachuca.com\/it\/wp-json\/wp\/v2\/media?parent=1781"}],"wp:term":[{"taxonomy":"post_tag","embeddable":true,"href":"https:\/\/marianamachuca.com\/it\/wp-json\/wp\/v2\/tags?post=1781"},{"taxonomy":"mec_category","embeddable":true,"href":"https:\/\/marianamachuca.com\/it\/wp-json\/wp\/v2\/mec_category?post=1781"}],"curies":[{"name":"wp","href":"https:\/\/api.w.org\/{rel}","templated":true}]}}