{"id":2314,"date":"2022-10-21T10:49:52","date_gmt":"2022-10-21T08:49:52","guid":{"rendered":"https:\/\/marianamachuca.com\/?post_type=mec-events&#038;p=2314"},"modified":"2022-10-21T10:49:52","modified_gmt":"2022-10-21T08:49:52","slug":"entrevista-en-vivo-a-eduardo-fain-sobre-matrices-relacionales-un-mapa-para-el-acompanamiento-individual","status":"publish","type":"mec-events","link":"https:\/\/marianamachuca.com\/it\/eventos\/entrevista-en-vivo-a-eduardo-fain-sobre-matrices-relacionales-un-mapa-para-el-acompanamiento-individual\/","title":{"rendered":"Entrevista en vivo a Eduardo Fain sobre \u00abmatrices relacionales\u00bb: un mapa para el acompa\u00f1amiento individual"},"content":{"rendered":"<p style=\"font-weight: 400;\">Me alegra poder presentarles a Eduardo Fain, m\u00e9dico y terapeuta sist\u00e9mico, especializado en el acompa\u00f1amiento individual y que a partir de su pr\u00e1ctica ha podido identificar lo que \u00e9l denomina \u00abmatrices relacionales\u00bb desde donde nos relacionamos de manera inconsciente.<\/p>\n<p>Si deseas saber m\u00e1s sobre este tema que nos ayuda a conocernos mejor a todos y\/o si eres terapeuta y deseas sumar m\u00e1s herramientas a tu acompa\u00f1amiento&#8230;<br \/>\nLos esperamos el <strong>mi\u00e9rcoles 2 de noviembre a las 19h a trav\u00e9s del Instagram del Institut Gestalt <\/strong>para dialogar sobre esta interesante tem\u00e1tica.<\/p>\n<p>&nbsp;<\/p>\n<p>Puedes seguir profundizando tambi\u00e9n:<\/p>\n<ul>\n<li>el <strong><em>16 de noviembre en la presentaci\u00f3n gratuita por zoom<\/em><\/strong> donde se abordar\u00e1 alg\u00fan caso real para ver el m\u00e9todo en acci\u00f3n; y<\/li>\n<li>el <strong><em>3 y 4 de diciembre daremos un Taller online<\/em><\/strong> para profundizar en la teor\u00eda, modelaje y pr\u00e1ctica de este recurso.<\/li>\n<\/ul>\n<p>&nbsp;<\/p>\n<p>Mas informaci\u00f3n e inscripciones:<\/p>\n<ul>\n<li><a href=\"https:\/\/www.institutgestalt.com\/cursos\/talleres-constelaciones\/identificando-las-matrices-relacionales-en-la-consulta-individual\/\" target=\"_blank\" rel=\"noopener\">Web Institut Gestalt<\/a><\/li>\n<li>Mail: sandra.alonso@institutgestalt.com<\/li>\n<\/ul>","protected":false},"excerpt":{"rendered":"<p>Me alegra poder presentarles a Eduardo Fain, m\u00e9dico y terapeuta sist\u00e9mico, especializado en el acompa\u00f1amiento individual y que a partir de su pr\u00e1ctica ha podido identificar lo que \u00e9l denomina \u00abmatrices relacionales\u00bb desde donde nos relacionamos de manera inconsciente.<\/p>","protected":false},"author":3,"featured_media":823,"comment_status":"open","ping_status":"closed","template":"","tags":[],"mec_category":[22],"class_list":["post-2314","mec-events","type-mec-events","status-publish","has-post-thumbnail","hentry","mec_category-prsentaciones"],"yoast_head":"<!-- This site is optimized with the Yoast SEO plugin v27.0 - https:\/\/yoast.com\/product\/yoast-seo-wordpress\/ -->\n<title>Entrevista en vivo a Eduardo Fain sobre &quot;matrices relacionales&quot;: un mapa para el acompa\u00f1amiento individual<\/title>\n<meta name=\"description\" content=\"Me alegra poder presentarles a Eduardo Fain, m\u00e9dico y terapeuta sist\u00e9mico, especializado en el acompa\u00f1amiento individual y que a partir de su pr\u00e1ctica ha podido identificar lo que \u00e9l denomina &quot;matrices relacionales&quot; desde donde nos relacionamos de manera inconsciente.\" \/>\n<meta name=\"robots\" content=\"index, follow, max-snippet:-1, max-image-preview:large, max-video-preview:-1\" \/>\n<link rel=\"canonical\" href=\"https:\/\/marianamachuca.com\/it\/eventos\/entrevista-en-vivo-a-eduardo-fain-sobre-matrices-relacionales-un-mapa-para-el-acompanamiento-individual\/\" \/>\n<meta property=\"og:locale\" content=\"it_IT\" \/>\n<meta property=\"og:type\" content=\"article\" \/>\n<meta property=\"og:title\" content=\"Entrevista en vivo a Eduardo Fain sobre &quot;matrices relacionales&quot;: un mapa para el acompa\u00f1amiento individual\" \/>\n<meta property=\"og:description\" content=\"Me alegra poder presentarles a Eduardo Fain, m\u00e9dico y terapeuta sist\u00e9mico, especializado en el acompa\u00f1amiento individual y que a partir de su pr\u00e1ctica ha podido identificar lo que \u00e9l denomina &quot;matrices relacionales&quot; desde donde nos relacionamos de manera inconsciente.\" \/>\n<meta property=\"og:url\" content=\"https:\/\/marianamachuca.com\/it\/eventos\/entrevista-en-vivo-a-eduardo-fain-sobre-matrices-relacionales-un-mapa-para-el-acompanamiento-individual\/\" \/>\n<meta property=\"og:site_name\" content=\"Mariana Machuca\" \/>\n<meta property=\"article:publisher\" content=\"https:\/\/www.facebook.com\/mariana.machuca.5\" \/>\n<meta property=\"og:image\" content=\"https:\/\/marianamachuca.com\/wp-content\/uploads\/2022\/04\/team-spirit-2447163_1280-1024x829-1.jpg\" \/>\n\t<meta property=\"og:image:width\" content=\"1024\" \/>\n\t<meta property=\"og:image:height\" content=\"829\" \/>\n\t<meta property=\"og:image:type\" content=\"image\/jpeg\" \/>\n<meta name=\"twitter:card\" content=\"summary_large_image\" \/>\n<meta name=\"twitter:label1\" content=\"Tempo di lettura stimato\" \/>\n\t<meta name=\"twitter:data1\" content=\"1 minuto\" \/>\n<script type=\"application\/ld+json\" class=\"yoast-schema-graph\">{\"@context\":\"https:\/\/schema.org\",\"@graph\":[{\"@type\":\"WebPage\",\"@id\":\"https:\/\/marianamachuca.com\/eventos\/entrevista-en-vivo-a-eduardo-fain-sobre-matrices-relacionales-un-mapa-para-el-acompanamiento-individual\/\",\"url\":\"https:\/\/marianamachuca.com\/eventos\/entrevista-en-vivo-a-eduardo-fain-sobre-matrices-relacionales-un-mapa-para-el-acompanamiento-individual\/\",\"name\":\"Entrevista en vivo a Eduardo Fain sobre \\\"matrices relacionales\\\": un mapa para el acompa\u00f1amiento individual\",\"isPartOf\":{\"@id\":\"https:\/\/marianamachuca.com\/#website\"},\"primaryImageOfPage\":{\"@id\":\"https:\/\/marianamachuca.com\/eventos\/entrevista-en-vivo-a-eduardo-fain-sobre-matrices-relacionales-un-mapa-para-el-acompanamiento-individual\/#primaryimage\"},\"image\":{\"@id\":\"https:\/\/marianamachuca.com\/eventos\/entrevista-en-vivo-a-eduardo-fain-sobre-matrices-relacionales-un-mapa-para-el-acompanamiento-individual\/#primaryimage\"},\"thumbnailUrl\":\"https:\/\/marianamachuca.com\/wp-content\/uploads\/2022\/04\/team-spirit-2447163_1280-1024x829-1.jpg\",\"datePublished\":\"2022-10-21T08:49:52+00:00\",\"description\":\"Me alegra poder presentarles a Eduardo Fain, m\u00e9dico y terapeuta sist\u00e9mico, especializado en el acompa\u00f1amiento individual y que a partir de su pr\u00e1ctica ha podido identificar lo que \u00e9l denomina \\\"matrices relacionales\\\" desde donde nos relacionamos de manera inconsciente.\",\"breadcrumb\":{\"@id\":\"https:\/\/marianamachuca.com\/eventos\/entrevista-en-vivo-a-eduardo-fain-sobre-matrices-relacionales-un-mapa-para-el-acompanamiento-individual\/#breadcrumb\"},\"inLanguage\":\"it-IT\",\"potentialAction\":[{\"@type\":\"ReadAction\",\"target\":[\"https:\/\/marianamachuca.com\/eventos\/entrevista-en-vivo-a-eduardo-fain-sobre-matrices-relacionales-un-mapa-para-el-acompanamiento-individual\/\"]}]},{\"@type\":\"ImageObject\",\"inLanguage\":\"it-IT\",\"@id\":\"https:\/\/marianamachuca.com\/eventos\/entrevista-en-vivo-a-eduardo-fain-sobre-matrices-relacionales-un-mapa-para-el-acompanamiento-individual\/#primaryimage\",\"url\":\"https:\/\/marianamachuca.com\/wp-content\/uploads\/2022\/04\/team-spirit-2447163_1280-1024x829-1.jpg\",\"contentUrl\":\"https:\/\/marianamachuca.com\/wp-content\/uploads\/2022\/04\/team-spirit-2447163_1280-1024x829-1.jpg\",\"width\":1024,\"height\":829},{\"@type\":\"BreadcrumbList\",\"@id\":\"https:\/\/marianamachuca.com\/eventos\/entrevista-en-vivo-a-eduardo-fain-sobre-matrices-relacionales-un-mapa-para-el-acompanamiento-individual\/#breadcrumb\",\"itemListElement\":[{\"@type\":\"ListItem\",\"position\":1,\"name\":\"Portada\",\"item\":\"https:\/\/marianamachuca.com\/\"},{\"@type\":\"ListItem\",\"position\":2,\"name\":\"Eventos\",\"item\":\"https:\/\/marianamachuca.com\/events\/\"},{\"@type\":\"ListItem\",\"position\":3,\"name\":\"Entrevista en vivo a Eduardo Fain sobre \u00abmatrices relacionales\u00bb: un mapa para el acompa\u00f1amiento individual\"}]},{\"@type\":\"WebSite\",\"@id\":\"https:\/\/marianamachuca.com\/#website\",\"url\":\"https:\/\/marianamachuca.com\/\",\"name\":\"Mariana Machuca\",\"description\":\"Gestalt \u2013 Constelaciones \u2013 Eneagrama\",\"publisher\":{\"@id\":\"https:\/\/marianamachuca.com\/#organization\"},\"potentialAction\":[{\"@type\":\"SearchAction\",\"target\":{\"@type\":\"EntryPoint\",\"urlTemplate\":\"https:\/\/marianamachuca.com\/?s={search_term_string}\"},\"query-input\":{\"@type\":\"PropertyValueSpecification\",\"valueRequired\":true,\"valueName\":\"search_term_string\"}}],\"inLanguage\":\"it-IT\"},{\"@type\":\"Organization\",\"@id\":\"https:\/\/marianamachuca.com\/#organization\",\"name\":\"MARIANA MACHUCA\",\"url\":\"https:\/\/marianamachuca.com\/\",\"logo\":{\"@type\":\"ImageObject\",\"inLanguage\":\"it-IT\",\"@id\":\"https:\/\/marianamachuca.com\/#\/schema\/logo\/image\/\",\"url\":\"https:\/\/marianamachuca.com\/wp-content\/uploads\/2022\/09\/Mariana-machuca-1.jpg\",\"contentUrl\":\"https:\/\/marianamachuca.com\/wp-content\/uploads\/2022\/09\/Mariana-machuca-1.jpg\",\"width\":940,\"height\":788,\"caption\":\"MARIANA MACHUCA\"},\"image\":{\"@id\":\"https:\/\/marianamachuca.com\/#\/schema\/logo\/image\/\"},\"sameAs\":[\"https:\/\/www.facebook.com\/mariana.machuca.5\",\"https:\/\/www.instagram.com\/mariana_machuca_10\/\",\"https:\/\/www.linkedin.com\/in\/mariana-machuca\/\"]}]}<\/script>\n<!-- \/ Yoast SEO plugin. -->","yoast_head_json":{"title":"Entrevista en vivo a Eduardo Fain sobre \"matrices relacionales\": un mapa para el acompa\u00f1amiento individual","description":"Me alegra poder presentarles a Eduardo Fain, m\u00e9dico y terapeuta sist\u00e9mico, especializado en el acompa\u00f1amiento individual y que a partir de su pr\u00e1ctica ha podido identificar lo que \u00e9l denomina \"matrices relacionales\" desde donde nos relacionamos de manera inconsciente.","robots":{"index":"index","follow":"follow","max-snippet":"max-snippet:-1","max-image-preview":"max-image-preview:large","max-video-preview":"max-video-preview:-1"},"canonical":"https:\/\/marianamachuca.com\/it\/eventos\/entrevista-en-vivo-a-eduardo-fain-sobre-matrices-relacionales-un-mapa-para-el-acompanamiento-individual\/","og_locale":"it_IT","og_type":"article","og_title":"Entrevista en vivo a Eduardo Fain sobre \"matrices relacionales\": un mapa para el acompa\u00f1amiento individual","og_description":"Me alegra poder presentarles a Eduardo Fain, m\u00e9dico y terapeuta sist\u00e9mico, especializado en el acompa\u00f1amiento individual y que a partir de su pr\u00e1ctica ha podido identificar lo que \u00e9l denomina \"matrices relacionales\" desde donde nos relacionamos de manera inconsciente.","og_url":"https:\/\/marianamachuca.com\/it\/eventos\/entrevista-en-vivo-a-eduardo-fain-sobre-matrices-relacionales-un-mapa-para-el-acompanamiento-individual\/","og_site_name":"Mariana Machuca","article_publisher":"https:\/\/www.facebook.com\/mariana.machuca.5","og_image":[{"width":1024,"height":829,"url":"https:\/\/marianamachuca.com\/wp-content\/uploads\/2022\/04\/team-spirit-2447163_1280-1024x829-1.jpg","type":"image\/jpeg"}],"twitter_card":"summary_large_image","twitter_misc":{"Tempo di lettura stimato":"1 minuto"},"schema":{"@context":"https:\/\/schema.org","@graph":[{"@type":"WebPage","@id":"https:\/\/marianamachuca.com\/eventos\/entrevista-en-vivo-a-eduardo-fain-sobre-matrices-relacionales-un-mapa-para-el-acompanamiento-individual\/","url":"https:\/\/marianamachuca.com\/eventos\/entrevista-en-vivo-a-eduardo-fain-sobre-matrices-relacionales-un-mapa-para-el-acompanamiento-individual\/","name":"Entrevista en vivo a Eduardo Fain sobre \"matrices relacionales\": un mapa para el acompa\u00f1amiento individual","isPartOf":{"@id":"https:\/\/marianamachuca.com\/#website"},"primaryImageOfPage":{"@id":"https:\/\/marianamachuca.com\/eventos\/entrevista-en-vivo-a-eduardo-fain-sobre-matrices-relacionales-un-mapa-para-el-acompanamiento-individual\/#primaryimage"},"image":{"@id":"https:\/\/marianamachuca.com\/eventos\/entrevista-en-vivo-a-eduardo-fain-sobre-matrices-relacionales-un-mapa-para-el-acompanamiento-individual\/#primaryimage"},"thumbnailUrl":"https:\/\/marianamachuca.com\/wp-content\/uploads\/2022\/04\/team-spirit-2447163_1280-1024x829-1.jpg","datePublished":"2022-10-21T08:49:52+00:00","description":"Me alegra poder presentarles a Eduardo Fain, m\u00e9dico y terapeuta sist\u00e9mico, especializado en el acompa\u00f1amiento individual y que a partir de su pr\u00e1ctica ha podido identificar lo que \u00e9l denomina \"matrices relacionales\" desde donde nos relacionamos de manera inconsciente.","breadcrumb":{"@id":"https:\/\/marianamachuca.com\/eventos\/entrevista-en-vivo-a-eduardo-fain-sobre-matrices-relacionales-un-mapa-para-el-acompanamiento-individual\/#breadcrumb"},"inLanguage":"it-IT","potentialAction":[{"@type":"ReadAction","target":["https:\/\/marianamachuca.com\/eventos\/entrevista-en-vivo-a-eduardo-fain-sobre-matrices-relacionales-un-mapa-para-el-acompanamiento-individual\/"]}]},{"@type":"ImageObject","inLanguage":"it-IT","@id":"https:\/\/marianamachuca.com\/eventos\/entrevista-en-vivo-a-eduardo-fain-sobre-matrices-relacionales-un-mapa-para-el-acompanamiento-individual\/#primaryimage","url":"https:\/\/marianamachuca.com\/wp-content\/uploads\/2022\/04\/team-spirit-2447163_1280-1024x829-1.jpg","contentUrl":"https:\/\/marianamachuca.com\/wp-content\/uploads\/2022\/04\/team-spirit-2447163_1280-1024x829-1.jpg","width":1024,"height":829},{"@type":"BreadcrumbList","@id":"https:\/\/marianamachuca.com\/eventos\/entrevista-en-vivo-a-eduardo-fain-sobre-matrices-relacionales-un-mapa-para-el-acompanamiento-individual\/#breadcrumb","itemListElement":[{"@type":"ListItem","position":1,"name":"Portada","item":"https:\/\/marianamachuca.com\/"},{"@type":"ListItem","position":2,"name":"Eventos","item":"https:\/\/marianamachuca.com\/events\/"},{"@type":"ListItem","position":3,"name":"Entrevista en vivo a Eduardo Fain sobre \u00abmatrices relacionales\u00bb: un mapa para el acompa\u00f1amiento individual"}]},{"@type":"WebSite","@id":"https:\/\/marianamachuca.com\/#website","url":"https:\/\/marianamachuca.com\/","name":"Mariana Machuca","description":"Gestalt \u2013 Constelaciones \u2013 Eneagrama","publisher":{"@id":"https:\/\/marianamachuca.com\/#organization"},"potentialAction":[{"@type":"SearchAction","target":{"@type":"EntryPoint","urlTemplate":"https:\/\/marianamachuca.com\/?s={search_term_string}"},"query-input":{"@type":"PropertyValueSpecification","valueRequired":true,"valueName":"search_term_string"}}],"inLanguage":"it-IT"},{"@type":"Organization","@id":"https:\/\/marianamachuca.com\/#organization","name":"MARIANA MACHUCA","url":"https:\/\/marianamachuca.com\/","logo":{"@type":"ImageObject","inLanguage":"it-IT","@id":"https:\/\/marianamachuca.com\/#\/schema\/logo\/image\/","url":"https:\/\/marianamachuca.com\/wp-content\/uploads\/2022\/09\/Mariana-machuca-1.jpg","contentUrl":"https:\/\/marianamachuca.com\/wp-content\/uploads\/2022\/09\/Mariana-machuca-1.jpg","width":940,"height":788,"caption":"MARIANA MACHUCA"},"image":{"@id":"https:\/\/marianamachuca.com\/#\/schema\/logo\/image\/"},"sameAs":["https:\/\/www.facebook.com\/mariana.machuca.5","https:\/\/www.instagram.com\/mariana_machuca_10\/","https:\/\/www.linkedin.com\/in\/mariana-machuca\/"]}]}},"_links":{"self":[{"href":"https:\/\/marianamachuca.com\/it\/wp-json\/wp\/v2\/mec-events\/2314","targetHints":{"allow":["GET"]}}],"collection":[{"href":"https:\/\/marianamachuca.com\/it\/wp-json\/wp\/v2\/mec-events"}],"about":[{"href":"https:\/\/marianamachuca.com\/it\/wp-json\/wp\/v2\/types\/mec-events"}],"author":[{"embeddable":true,"href":"https:\/\/marianamachuca.com\/it\/wp-json\/wp\/v2\/users\/3"}],"replies":[{"embeddable":true,"href":"https:\/\/marianamachuca.com\/it\/wp-json\/wp\/v2\/comments?post=2314"}],"version-history":[{"count":1,"href":"https:\/\/marianamachuca.com\/it\/wp-json\/wp\/v2\/mec-events\/2314\/revisions"}],"predecessor-version":[{"id":2315,"href":"https:\/\/marianamachuca.com\/it\/wp-json\/wp\/v2\/mec-events\/2314\/revisions\/2315"}],"wp:featuredmedia":[{"embeddable":true,"href":"https:\/\/marianamachuca.com\/it\/wp-json\/wp\/v2\/media\/823"}],"wp:attachment":[{"href":"https:\/\/marianamachuca.com\/it\/wp-json\/wp\/v2\/media?parent=2314"}],"wp:term":[{"taxonomy":"post_tag","embeddable":true,"href":"https:\/\/marianamachuca.com\/it\/wp-json\/wp\/v2\/tags?post=2314"},{"taxonomy":"mec_category","embeddable":true,"href":"https:\/\/marianamachuca.com\/it\/wp-json\/wp\/v2\/mec_category?post=2314"}],"curies":[{"name":"wp","href":"https:\/\/api.w.org\/{rel}","templated":true}]}}