{"id":2318,"date":"2022-10-27T12:40:29","date_gmt":"2022-10-27T10:40:29","guid":{"rendered":"https:\/\/marianamachuca.com\/?post_type=mec-events&#038;p=2318"},"modified":"2023-02-25T09:56:53","modified_gmt":"2023-02-25T08:56:53","slug":"especializacion-en-terapia-individual-desde-la-mirada-sistemica","status":"publish","type":"mec-events","link":"https:\/\/marianamachuca.com\/it\/eventos\/especializacion-en-terapia-individual-desde-la-mirada-sistemica\/","title":{"rendered":"Especializaci\u00f3n en terapia individual desde la mirada sist\u00e9mica (7 m\u00f3dulos)"},"content":{"rendered":"<p style=\"font-weight: 400;\">En esta \u201cEspecializaci\u00f3n en terapia individual desde la mirada sist\u00e9mica\u201d ofrecemos\u00a0la posibilidad de profundizar en tem\u00e1ticas espec\u00edficas y t\u00e9cnicas para aplicar en nuestra consulta. Se trata de una formaci\u00f3n semi-presencial de 7 m\u00f3dulos (3 online y 4 presenciales) con un total de 90 horas.<\/p>\n<p style=\"font-weight: 400;\">Si eres terapeuta o si estas form\u00e1ndote para serlo y te interesa incorporar herramientas sist\u00e9micas, aqu\u00ed encontrar\u00e1s recursos pr\u00e1cticos que posibiliten acompa\u00f1ar en consulta individual diferentes tipos de clientes o demandas que se puedan presentar.<\/p>\n<p style=\"font-weight: 400;\">\u00bfQu\u00e9 ofrecemos en esta especializaci\u00f3n?:<\/p>\n<ul>\n<li>Abordar la familia de origen con el uso de mu\u00f1ecos<\/li>\n<li>Elaborar la psico-genealog\u00eda en formato online<\/li>\n<li>Identificar los estilos de apego y la importancia de la relaci\u00f3n terap\u00e9utica<\/li>\n<li>Incorporar recursos para integrar el trauma en terapia individual<\/li>\n<li>Acompa\u00f1ar parejas o asuntos de pareja en formato individual<\/li>\n<li>Tomar conciencia de los patrones de relaci\u00f3n<\/li>\n<li>Contar con un espacio de supervisi\u00f3n profesional<\/li>\n<li>Brindar espacios de tutor\u00eda para poder integrar y acompa\u00f1ar las necesidades de los alumnos en su proceso formativo.<\/li>\n<\/ul>\n<p>&nbsp;<\/p>\n<p style=\"font-weight: 400;\">Para que puedas modelar diferentes estilos terap\u00e9uticos, contamos con un equipo docente de amplia experiencia tanto a nivel nacional como internacional como Tiiu Bolzmann y Luis Fernando C\u00e1mara.<\/p>\n<p>No te preocupes si te sumas m\u00e1s tarde, los 3 primeros m\u00f3dulo ONLINE se grabar\u00e1n para que no te pierdas ning\u00fan contenido y puedas aprovechar al m\u00e1ximo este viaje.<\/p>\n<p style=\"font-weight: 400;\">Deseamos que esta especialidad te ayude a dar el salto, reciclarte o seguir nutri\u00e9ndote de una mirada sist\u00e9mica e integrativa.<\/p>\n<p>&nbsp;<\/p>\n<p style=\"font-weight: 400;\">Para m\u00e1s detalles sobre el contenido puedes consultar el <strong>dossier de la especializaci\u00f3n<\/strong> haciendo <a href=\"https:\/\/marianamachuca.com\/wp-content\/uploads\/2022\/10\/Dosier-Especializacion-en-Terapia-Individual-desde-la-mirada-sistemica-2023.pdf\" target=\"_blank\" rel=\"noopener\">clic aqu\u00ed<\/a><\/p>\n<p style=\"font-weight: 400;\">Si estas interesad@ puedes enviarme un mensaje a trav\u00e9s de esta misma web en \u00abcontacto\u00bb para\u00a0\u00a0responder a tus dudas.<\/p>\n<p style=\"font-weight: 400;\">Mas informaci\u00f3n a trav\u00e9s de <a href=\"https:\/\/www.institutgestalt.com\/cursos\/formaciones-constelaciones\/especializacion-de-constelaciones-en-consulta-individual\/\" target=\"_blank\" rel=\"noopener\">web del Institut Gestalt<\/a><\/p>","protected":false},"excerpt":{"rendered":"<p>Deseamos que esta especialidad te ayude a dar el salto, reciclarte o seguir nutri\u00e9ndote de una mirada sist\u00e9mica e integrativa.<\/p>","protected":false},"author":3,"featured_media":884,"comment_status":"open","ping_status":"closed","template":"","tags":[],"mec_category":[28],"class_list":["post-2318","mec-events","type-mec-events","status-publish","has-post-thumbnail","hentry","mec_category-formacion"],"yoast_head":"<!-- This site is optimized with the Yoast SEO plugin v27.0 - https:\/\/yoast.com\/product\/yoast-seo-wordpress\/ -->\n<title>Especializaci\u00f3n en terapia individual desde la mirada sist\u00e9mica (7 m\u00f3dulos)<\/title>\n<meta name=\"description\" content=\"Deseamos que esta especialidad te ayude a dar el salto, reciclarte o seguir nutri\u00e9ndote de una mirada sist\u00e9mica e integrativa.\" \/>\n<meta name=\"robots\" content=\"index, follow, max-snippet:-1, max-image-preview:large, max-video-preview:-1\" \/>\n<link rel=\"canonical\" href=\"https:\/\/marianamachuca.com\/it\/eventos\/especializacion-en-terapia-individual-desde-la-mirada-sistemica\/\" \/>\n<meta property=\"og:locale\" content=\"it_IT\" \/>\n<meta property=\"og:type\" content=\"article\" \/>\n<meta property=\"og:title\" content=\"Especializaci\u00f3n en terapia individual desde la mirada sist\u00e9mica (7 m\u00f3dulos)\" \/>\n<meta property=\"og:description\" content=\"Deseamos que esta especialidad te ayude a dar el salto, reciclarte o seguir nutri\u00e9ndote de una mirada sist\u00e9mica e integrativa.\" \/>\n<meta property=\"og:url\" content=\"https:\/\/marianamachuca.com\/it\/eventos\/especializacion-en-terapia-individual-desde-la-mirada-sistemica\/\" \/>\n<meta property=\"og:site_name\" content=\"Mariana Machuca\" \/>\n<meta property=\"article:publisher\" content=\"https:\/\/www.facebook.com\/mariana.machuca.5\" \/>\n<meta property=\"article:modified_time\" content=\"2023-02-25T08:56:53+00:00\" \/>\n<meta property=\"og:image\" content=\"https:\/\/marianamachuca.com\/wp-content\/uploads\/2022\/04\/terapia-individual.jpeg\" \/>\n\t<meta property=\"og:image:width\" content=\"650\" \/>\n\t<meta property=\"og:image:height\" content=\"465\" \/>\n\t<meta property=\"og:image:type\" content=\"image\/jpeg\" \/>\n<meta name=\"twitter:card\" content=\"summary_large_image\" \/>\n<meta name=\"twitter:label1\" content=\"Tempo di lettura stimato\" \/>\n\t<meta name=\"twitter:data1\" content=\"2 minuti\" \/>\n<script type=\"application\/ld+json\" class=\"yoast-schema-graph\">{\"@context\":\"https:\/\/schema.org\",\"@graph\":[{\"@type\":\"WebPage\",\"@id\":\"https:\/\/marianamachuca.com\/eventos\/especializacion-en-terapia-individual-desde-la-mirada-sistemica\/\",\"url\":\"https:\/\/marianamachuca.com\/eventos\/especializacion-en-terapia-individual-desde-la-mirada-sistemica\/\",\"name\":\"Especializaci\u00f3n en terapia individual desde la mirada sist\u00e9mica (7 m\u00f3dulos)\",\"isPartOf\":{\"@id\":\"https:\/\/marianamachuca.com\/#website\"},\"primaryImageOfPage\":{\"@id\":\"https:\/\/marianamachuca.com\/eventos\/especializacion-en-terapia-individual-desde-la-mirada-sistemica\/#primaryimage\"},\"image\":{\"@id\":\"https:\/\/marianamachuca.com\/eventos\/especializacion-en-terapia-individual-desde-la-mirada-sistemica\/#primaryimage\"},\"thumbnailUrl\":\"https:\/\/marianamachuca.com\/wp-content\/uploads\/2022\/04\/terapia-individual.jpeg\",\"datePublished\":\"2022-10-27T10:40:29+00:00\",\"dateModified\":\"2023-02-25T08:56:53+00:00\",\"description\":\"Deseamos que esta especialidad te ayude a dar el salto, reciclarte o seguir nutri\u00e9ndote de una mirada sist\u00e9mica e integrativa.\",\"breadcrumb\":{\"@id\":\"https:\/\/marianamachuca.com\/eventos\/especializacion-en-terapia-individual-desde-la-mirada-sistemica\/#breadcrumb\"},\"inLanguage\":\"it-IT\",\"potentialAction\":[{\"@type\":\"ReadAction\",\"target\":[\"https:\/\/marianamachuca.com\/eventos\/especializacion-en-terapia-individual-desde-la-mirada-sistemica\/\"]}]},{\"@type\":\"ImageObject\",\"inLanguage\":\"it-IT\",\"@id\":\"https:\/\/marianamachuca.com\/eventos\/especializacion-en-terapia-individual-desde-la-mirada-sistemica\/#primaryimage\",\"url\":\"https:\/\/marianamachuca.com\/wp-content\/uploads\/2022\/04\/terapia-individual.jpeg\",\"contentUrl\":\"https:\/\/marianamachuca.com\/wp-content\/uploads\/2022\/04\/terapia-individual.jpeg\",\"width\":650,\"height\":465},{\"@type\":\"BreadcrumbList\",\"@id\":\"https:\/\/marianamachuca.com\/eventos\/especializacion-en-terapia-individual-desde-la-mirada-sistemica\/#breadcrumb\",\"itemListElement\":[{\"@type\":\"ListItem\",\"position\":1,\"name\":\"Portada\",\"item\":\"https:\/\/marianamachuca.com\/\"},{\"@type\":\"ListItem\",\"position\":2,\"name\":\"Eventos\",\"item\":\"https:\/\/marianamachuca.com\/events\/\"},{\"@type\":\"ListItem\",\"position\":3,\"name\":\"Especializaci\u00f3n en terapia individual desde la mirada sist\u00e9mica (7 m\u00f3dulos)\"}]},{\"@type\":\"WebSite\",\"@id\":\"https:\/\/marianamachuca.com\/#website\",\"url\":\"https:\/\/marianamachuca.com\/\",\"name\":\"Mariana Machuca\",\"description\":\"Gestalt \u2013 Constelaciones \u2013 Eneagrama\",\"publisher\":{\"@id\":\"https:\/\/marianamachuca.com\/#organization\"},\"potentialAction\":[{\"@type\":\"SearchAction\",\"target\":{\"@type\":\"EntryPoint\",\"urlTemplate\":\"https:\/\/marianamachuca.com\/?s={search_term_string}\"},\"query-input\":{\"@type\":\"PropertyValueSpecification\",\"valueRequired\":true,\"valueName\":\"search_term_string\"}}],\"inLanguage\":\"it-IT\"},{\"@type\":\"Organization\",\"@id\":\"https:\/\/marianamachuca.com\/#organization\",\"name\":\"MARIANA MACHUCA\",\"url\":\"https:\/\/marianamachuca.com\/\",\"logo\":{\"@type\":\"ImageObject\",\"inLanguage\":\"it-IT\",\"@id\":\"https:\/\/marianamachuca.com\/#\/schema\/logo\/image\/\",\"url\":\"https:\/\/marianamachuca.com\/wp-content\/uploads\/2022\/09\/Mariana-machuca-1.jpg\",\"contentUrl\":\"https:\/\/marianamachuca.com\/wp-content\/uploads\/2022\/09\/Mariana-machuca-1.jpg\",\"width\":940,\"height\":788,\"caption\":\"MARIANA MACHUCA\"},\"image\":{\"@id\":\"https:\/\/marianamachuca.com\/#\/schema\/logo\/image\/\"},\"sameAs\":[\"https:\/\/www.facebook.com\/mariana.machuca.5\",\"https:\/\/www.instagram.com\/mariana_machuca_10\/\",\"https:\/\/www.linkedin.com\/in\/mariana-machuca\/\"]}]}<\/script>\n<!-- \/ Yoast SEO plugin. -->","yoast_head_json":{"title":"Especializaci\u00f3n en terapia individual desde la mirada sist\u00e9mica (7 m\u00f3dulos)","description":"Deseamos que esta especialidad te ayude a dar el salto, reciclarte o seguir nutri\u00e9ndote de una mirada sist\u00e9mica e integrativa.","robots":{"index":"index","follow":"follow","max-snippet":"max-snippet:-1","max-image-preview":"max-image-preview:large","max-video-preview":"max-video-preview:-1"},"canonical":"https:\/\/marianamachuca.com\/it\/eventos\/especializacion-en-terapia-individual-desde-la-mirada-sistemica\/","og_locale":"it_IT","og_type":"article","og_title":"Especializaci\u00f3n en terapia individual desde la mirada sist\u00e9mica (7 m\u00f3dulos)","og_description":"Deseamos que esta especialidad te ayude a dar el salto, reciclarte o seguir nutri\u00e9ndote de una mirada sist\u00e9mica e integrativa.","og_url":"https:\/\/marianamachuca.com\/it\/eventos\/especializacion-en-terapia-individual-desde-la-mirada-sistemica\/","og_site_name":"Mariana Machuca","article_publisher":"https:\/\/www.facebook.com\/mariana.machuca.5","article_modified_time":"2023-02-25T08:56:53+00:00","og_image":[{"width":650,"height":465,"url":"https:\/\/marianamachuca.com\/wp-content\/uploads\/2022\/04\/terapia-individual.jpeg","type":"image\/jpeg"}],"twitter_card":"summary_large_image","twitter_misc":{"Tempo di lettura stimato":"2 minuti"},"schema":{"@context":"https:\/\/schema.org","@graph":[{"@type":"WebPage","@id":"https:\/\/marianamachuca.com\/eventos\/especializacion-en-terapia-individual-desde-la-mirada-sistemica\/","url":"https:\/\/marianamachuca.com\/eventos\/especializacion-en-terapia-individual-desde-la-mirada-sistemica\/","name":"Especializaci\u00f3n en terapia individual desde la mirada sist\u00e9mica (7 m\u00f3dulos)","isPartOf":{"@id":"https:\/\/marianamachuca.com\/#website"},"primaryImageOfPage":{"@id":"https:\/\/marianamachuca.com\/eventos\/especializacion-en-terapia-individual-desde-la-mirada-sistemica\/#primaryimage"},"image":{"@id":"https:\/\/marianamachuca.com\/eventos\/especializacion-en-terapia-individual-desde-la-mirada-sistemica\/#primaryimage"},"thumbnailUrl":"https:\/\/marianamachuca.com\/wp-content\/uploads\/2022\/04\/terapia-individual.jpeg","datePublished":"2022-10-27T10:40:29+00:00","dateModified":"2023-02-25T08:56:53+00:00","description":"Deseamos que esta especialidad te ayude a dar el salto, reciclarte o seguir nutri\u00e9ndote de una mirada sist\u00e9mica e integrativa.","breadcrumb":{"@id":"https:\/\/marianamachuca.com\/eventos\/especializacion-en-terapia-individual-desde-la-mirada-sistemica\/#breadcrumb"},"inLanguage":"it-IT","potentialAction":[{"@type":"ReadAction","target":["https:\/\/marianamachuca.com\/eventos\/especializacion-en-terapia-individual-desde-la-mirada-sistemica\/"]}]},{"@type":"ImageObject","inLanguage":"it-IT","@id":"https:\/\/marianamachuca.com\/eventos\/especializacion-en-terapia-individual-desde-la-mirada-sistemica\/#primaryimage","url":"https:\/\/marianamachuca.com\/wp-content\/uploads\/2022\/04\/terapia-individual.jpeg","contentUrl":"https:\/\/marianamachuca.com\/wp-content\/uploads\/2022\/04\/terapia-individual.jpeg","width":650,"height":465},{"@type":"BreadcrumbList","@id":"https:\/\/marianamachuca.com\/eventos\/especializacion-en-terapia-individual-desde-la-mirada-sistemica\/#breadcrumb","itemListElement":[{"@type":"ListItem","position":1,"name":"Portada","item":"https:\/\/marianamachuca.com\/"},{"@type":"ListItem","position":2,"name":"Eventos","item":"https:\/\/marianamachuca.com\/events\/"},{"@type":"ListItem","position":3,"name":"Especializaci\u00f3n en terapia individual desde la mirada sist\u00e9mica (7 m\u00f3dulos)"}]},{"@type":"WebSite","@id":"https:\/\/marianamachuca.com\/#website","url":"https:\/\/marianamachuca.com\/","name":"Mariana Machuca","description":"Gestalt \u2013 Constelaciones \u2013 Eneagrama","publisher":{"@id":"https:\/\/marianamachuca.com\/#organization"},"potentialAction":[{"@type":"SearchAction","target":{"@type":"EntryPoint","urlTemplate":"https:\/\/marianamachuca.com\/?s={search_term_string}"},"query-input":{"@type":"PropertyValueSpecification","valueRequired":true,"valueName":"search_term_string"}}],"inLanguage":"it-IT"},{"@type":"Organization","@id":"https:\/\/marianamachuca.com\/#organization","name":"MARIANA MACHUCA","url":"https:\/\/marianamachuca.com\/","logo":{"@type":"ImageObject","inLanguage":"it-IT","@id":"https:\/\/marianamachuca.com\/#\/schema\/logo\/image\/","url":"https:\/\/marianamachuca.com\/wp-content\/uploads\/2022\/09\/Mariana-machuca-1.jpg","contentUrl":"https:\/\/marianamachuca.com\/wp-content\/uploads\/2022\/09\/Mariana-machuca-1.jpg","width":940,"height":788,"caption":"MARIANA MACHUCA"},"image":{"@id":"https:\/\/marianamachuca.com\/#\/schema\/logo\/image\/"},"sameAs":["https:\/\/www.facebook.com\/mariana.machuca.5","https:\/\/www.instagram.com\/mariana_machuca_10\/","https:\/\/www.linkedin.com\/in\/mariana-machuca\/"]}]}},"_links":{"self":[{"href":"https:\/\/marianamachuca.com\/it\/wp-json\/wp\/v2\/mec-events\/2318","targetHints":{"allow":["GET"]}}],"collection":[{"href":"https:\/\/marianamachuca.com\/it\/wp-json\/wp\/v2\/mec-events"}],"about":[{"href":"https:\/\/marianamachuca.com\/it\/wp-json\/wp\/v2\/types\/mec-events"}],"author":[{"embeddable":true,"href":"https:\/\/marianamachuca.com\/it\/wp-json\/wp\/v2\/users\/3"}],"replies":[{"embeddable":true,"href":"https:\/\/marianamachuca.com\/it\/wp-json\/wp\/v2\/comments?post=2318"}],"version-history":[{"count":0,"href":"https:\/\/marianamachuca.com\/it\/wp-json\/wp\/v2\/mec-events\/2318\/revisions"}],"wp:featuredmedia":[{"embeddable":true,"href":"https:\/\/marianamachuca.com\/it\/wp-json\/wp\/v2\/media\/884"}],"wp:attachment":[{"href":"https:\/\/marianamachuca.com\/it\/wp-json\/wp\/v2\/media?parent=2318"}],"wp:term":[{"taxonomy":"post_tag","embeddable":true,"href":"https:\/\/marianamachuca.com\/it\/wp-json\/wp\/v2\/tags?post=2318"},{"taxonomy":"mec_category","embeddable":true,"href":"https:\/\/marianamachuca.com\/it\/wp-json\/wp\/v2\/mec_category?post=2318"}],"curies":[{"name":"wp","href":"https:\/\/api.w.org\/{rel}","templated":true}]}}