{"id":2390,"date":"2023-01-31T15:44:10","date_gmt":"2023-01-31T14:44:10","guid":{"rendered":"https:\/\/marianamachuca.com\/?post_type=mec-events&#038;p=2390"},"modified":"2023-02-25T09:55:58","modified_gmt":"2023-02-25T08:55:58","slug":"formacion-online-sobre-terapia-individual-desde-la-mirada-sistemica","status":"publish","type":"mec-events","link":"https:\/\/marianamachuca.com\/it\/eventos\/formacion-online-sobre-terapia-individual-desde-la-mirada-sistemica\/","title":{"rendered":"Formaci\u00f3n ONLINE: Terapia Individual desde la mirada sist\u00e9mica (3 m\u00f3dulos)"},"content":{"rendered":"<p style=\"font-weight: 400;\">Si vives fuera de Barcelona, eres terapeuta y\/o te estas formando para serlo y deseas incorporar recursos sist\u00e9micos en tu ACOMPA\u00d1AMIENTO INDIVIDUAL y ONLINE, te puede interesar esta\u00a0<em><strong>formaci\u00f3n de 3 m\u00f3dulos<\/strong><\/em> donde podr\u00e1s aprender sobre:<\/p>\n<ul>\n<li>La filosof\u00eda sist\u00e9mica de las Constelaciones y el recurso de los mu\u00f1ecos para abordar asuntos familiares en formato online, <strong>con Mariana Machuca <\/strong>(clase grabada para acceder a la teor\u00eda, el encuadre del proceso individual, ver 3 demos de sesiones con mu\u00f1ecos en formato online, y tener consignas para hacer practicas)<\/li>\n<li>La Psico-genealog\u00eda y elaboraci\u00f3n del \u00e1rbol familiar tambi\u00e9n con herramientas online como fuente de hip\u00f3tesis, <strong>con Dani Mart\u00ednez<\/strong>\u00a0(clase grabada)<strong>.<\/strong><\/li>\n<li>La identificaci\u00f3n de los estilos de apego del cliente y la importancia de la relaci\u00f3n terap\u00e9utica en el acompa\u00f1amiento, <strong>con Bet Costa<\/strong> el <strong>10, 11 y 12 de marzo<\/strong><\/li>\n<\/ul>\n<p>&nbsp;<\/p>\n<p style=\"font-weight: 400;\">Acabamos de iniciar y aun est\u00e1s a tiempo de sumarte para ampliar tu mirada, sumar nuevos recursos, modelar diferentes estilos terap\u00e9uticos, trabajar tus asuntos personales y poner en pr\u00e1ctica todo lo aprendido.<\/p>\n<p>Las clases puedes disfrutarlas en vivo o acceder a las clases grabadas para sumarte en cualquier momento y \u00a1no perderte nada!<\/p>\n<p>El horarios de los 3 d\u00edas es de 17 a 21h ESP \/ 13 a 17h ARG<\/p>\n<p style=\"font-weight: 400;\">Si estas interesad@ puedes enviarme un mensaje a trav\u00e9s de esta misma web en \u00abcontacto\u00bb y responder\u00e9 a todas tus dudas.<\/p>","protected":false},"excerpt":{"rendered":"<p>Si vives fuera de Barcelona, eres terapeuta y\/o te estas formando para serlo y deseas incorporar recursos sist\u00e9micos en tu ACOMPA\u00d1AMIENTO INDIVIDUAL y ONLINE, te puede interesar esta\u00a0\u00a0formaci\u00f3n de 3 m\u00f3dulos<\/p>","protected":false},"author":3,"featured_media":2379,"comment_status":"closed","ping_status":"closed","template":"","tags":[],"mec_category":[28],"class_list":["post-2390","mec-events","type-mec-events","status-publish","has-post-thumbnail","hentry","mec_category-formacion"],"yoast_head":"<!-- This site is optimized with the Yoast SEO plugin v27.0 - https:\/\/yoast.com\/product\/yoast-seo-wordpress\/ -->\n<title>Formaci\u00f3n ONLINE: Terapia Individual desde la mirada sist\u00e9mica (3 m\u00f3dulos) Formaci\u00f3n ONLINE sobre terapia individual desde la mirada sist\u00e9mica<\/title>\n<meta name=\"description\" content=\"Si vives fuera de Barcelona, eres terapeuta y\/o te estas formando para serlo y deseas incorporar recursos sist\u00e9micos en tu ACOMPA\u00d1AMIENTO INDIVIDUAL y ONLINE, te puede interesar esta\u00a0\u00a0formaci\u00f3n de 3 m\u00f3dulos\" \/>\n<meta name=\"robots\" content=\"index, follow, max-snippet:-1, max-image-preview:large, max-video-preview:-1\" \/>\n<link rel=\"canonical\" href=\"https:\/\/marianamachuca.com\/it\/eventos\/formacion-online-sobre-terapia-individual-desde-la-mirada-sistemica\/\" \/>\n<meta property=\"og:locale\" content=\"it_IT\" \/>\n<meta property=\"og:type\" content=\"article\" \/>\n<meta property=\"og:title\" content=\"Formaci\u00f3n ONLINE: Terapia Individual desde la mirada sist\u00e9mica (3 m\u00f3dulos) Formaci\u00f3n ONLINE sobre terapia individual desde la mirada sist\u00e9mica\" \/>\n<meta property=\"og:description\" content=\"Si vives fuera de Barcelona, eres terapeuta y\/o te estas formando para serlo y deseas incorporar recursos sist\u00e9micos en tu ACOMPA\u00d1AMIENTO INDIVIDUAL y ONLINE, te puede interesar esta\u00a0\u00a0formaci\u00f3n de 3 m\u00f3dulos\" \/>\n<meta property=\"og:url\" content=\"https:\/\/marianamachuca.com\/it\/eventos\/formacion-online-sobre-terapia-individual-desde-la-mirada-sistemica\/\" \/>\n<meta property=\"og:site_name\" content=\"Mariana Machuca\" \/>\n<meta property=\"article:publisher\" content=\"https:\/\/www.facebook.com\/mariana.machuca.5\" \/>\n<meta property=\"article:modified_time\" content=\"2023-02-25T08:55:58+00:00\" \/>\n<meta property=\"og:image\" content=\"https:\/\/marianamachuca.com\/wp-content\/uploads\/2022\/12\/15-scaled.jpg\" \/>\n\t<meta property=\"og:image:width\" content=\"2560\" \/>\n\t<meta property=\"og:image:height\" content=\"1706\" \/>\n\t<meta property=\"og:image:type\" content=\"image\/jpeg\" \/>\n<meta name=\"twitter:card\" content=\"summary_large_image\" \/>\n<meta name=\"twitter:label1\" content=\"Tempo di lettura stimato\" \/>\n\t<meta name=\"twitter:data1\" content=\"2 minuti\" \/>\n<script type=\"application\/ld+json\" class=\"yoast-schema-graph\">{\"@context\":\"https:\/\/schema.org\",\"@graph\":[{\"@type\":\"WebPage\",\"@id\":\"https:\/\/marianamachuca.com\/eventos\/formacion-online-sobre-terapia-individual-desde-la-mirada-sistemica\/\",\"url\":\"https:\/\/marianamachuca.com\/eventos\/formacion-online-sobre-terapia-individual-desde-la-mirada-sistemica\/\",\"name\":\"Formaci\u00f3n ONLINE: Terapia Individual desde la mirada sist\u00e9mica (3 m\u00f3dulos) Formaci\u00f3n ONLINE sobre terapia individual desde la mirada sist\u00e9mica\",\"isPartOf\":{\"@id\":\"https:\/\/marianamachuca.com\/#website\"},\"primaryImageOfPage\":{\"@id\":\"https:\/\/marianamachuca.com\/eventos\/formacion-online-sobre-terapia-individual-desde-la-mirada-sistemica\/#primaryimage\"},\"image\":{\"@id\":\"https:\/\/marianamachuca.com\/eventos\/formacion-online-sobre-terapia-individual-desde-la-mirada-sistemica\/#primaryimage\"},\"thumbnailUrl\":\"https:\/\/marianamachuca.com\/wp-content\/uploads\/2022\/12\/15-scaled.jpg\",\"datePublished\":\"2023-01-31T14:44:10+00:00\",\"dateModified\":\"2023-02-25T08:55:58+00:00\",\"description\":\"Si vives fuera de Barcelona, eres terapeuta y\/o te estas formando para serlo y deseas incorporar recursos sist\u00e9micos en tu ACOMPA\u00d1AMIENTO INDIVIDUAL y ONLINE, te puede interesar esta\u00a0\u00a0formaci\u00f3n de 3 m\u00f3dulos\",\"breadcrumb\":{\"@id\":\"https:\/\/marianamachuca.com\/eventos\/formacion-online-sobre-terapia-individual-desde-la-mirada-sistemica\/#breadcrumb\"},\"inLanguage\":\"it-IT\",\"potentialAction\":[{\"@type\":\"ReadAction\",\"target\":[\"https:\/\/marianamachuca.com\/eventos\/formacion-online-sobre-terapia-individual-desde-la-mirada-sistemica\/\"]}]},{\"@type\":\"ImageObject\",\"inLanguage\":\"it-IT\",\"@id\":\"https:\/\/marianamachuca.com\/eventos\/formacion-online-sobre-terapia-individual-desde-la-mirada-sistemica\/#primaryimage\",\"url\":\"https:\/\/marianamachuca.com\/wp-content\/uploads\/2022\/12\/15-scaled.jpg\",\"contentUrl\":\"https:\/\/marianamachuca.com\/wp-content\/uploads\/2022\/12\/15-scaled.jpg\",\"width\":2560,\"height\":1706},{\"@type\":\"BreadcrumbList\",\"@id\":\"https:\/\/marianamachuca.com\/eventos\/formacion-online-sobre-terapia-individual-desde-la-mirada-sistemica\/#breadcrumb\",\"itemListElement\":[{\"@type\":\"ListItem\",\"position\":1,\"name\":\"Portada\",\"item\":\"https:\/\/marianamachuca.com\/\"},{\"@type\":\"ListItem\",\"position\":2,\"name\":\"Eventos\",\"item\":\"https:\/\/marianamachuca.com\/events\/\"},{\"@type\":\"ListItem\",\"position\":3,\"name\":\"Formaci\u00f3n ONLINE: Terapia Individual desde la mirada sist\u00e9mica (3 m\u00f3dulos)\"}]},{\"@type\":\"WebSite\",\"@id\":\"https:\/\/marianamachuca.com\/#website\",\"url\":\"https:\/\/marianamachuca.com\/\",\"name\":\"Mariana Machuca\",\"description\":\"Gestalt \u2013 Constelaciones \u2013 Eneagrama\",\"publisher\":{\"@id\":\"https:\/\/marianamachuca.com\/#organization\"},\"potentialAction\":[{\"@type\":\"SearchAction\",\"target\":{\"@type\":\"EntryPoint\",\"urlTemplate\":\"https:\/\/marianamachuca.com\/?s={search_term_string}\"},\"query-input\":{\"@type\":\"PropertyValueSpecification\",\"valueRequired\":true,\"valueName\":\"search_term_string\"}}],\"inLanguage\":\"it-IT\"},{\"@type\":\"Organization\",\"@id\":\"https:\/\/marianamachuca.com\/#organization\",\"name\":\"MARIANA MACHUCA\",\"url\":\"https:\/\/marianamachuca.com\/\",\"logo\":{\"@type\":\"ImageObject\",\"inLanguage\":\"it-IT\",\"@id\":\"https:\/\/marianamachuca.com\/#\/schema\/logo\/image\/\",\"url\":\"https:\/\/marianamachuca.com\/wp-content\/uploads\/2022\/09\/Mariana-machuca-1.jpg\",\"contentUrl\":\"https:\/\/marianamachuca.com\/wp-content\/uploads\/2022\/09\/Mariana-machuca-1.jpg\",\"width\":940,\"height\":788,\"caption\":\"MARIANA MACHUCA\"},\"image\":{\"@id\":\"https:\/\/marianamachuca.com\/#\/schema\/logo\/image\/\"},\"sameAs\":[\"https:\/\/www.facebook.com\/mariana.machuca.5\",\"https:\/\/www.instagram.com\/mariana_machuca_10\/\",\"https:\/\/www.linkedin.com\/in\/mariana-machuca\/\"]}]}<\/script>\n<!-- \/ Yoast SEO plugin. -->","yoast_head_json":{"title":"Formaci\u00f3n ONLINE: Terapia Individual desde la mirada sist\u00e9mica (3 m\u00f3dulos) Formaci\u00f3n ONLINE sobre terapia individual desde la mirada sist\u00e9mica","description":"Si vives fuera de Barcelona, eres terapeuta y\/o te estas formando para serlo y deseas incorporar recursos sist\u00e9micos en tu ACOMPA\u00d1AMIENTO INDIVIDUAL y ONLINE, te puede interesar esta\u00a0\u00a0formaci\u00f3n de 3 m\u00f3dulos","robots":{"index":"index","follow":"follow","max-snippet":"max-snippet:-1","max-image-preview":"max-image-preview:large","max-video-preview":"max-video-preview:-1"},"canonical":"https:\/\/marianamachuca.com\/it\/eventos\/formacion-online-sobre-terapia-individual-desde-la-mirada-sistemica\/","og_locale":"it_IT","og_type":"article","og_title":"Formaci\u00f3n ONLINE: Terapia Individual desde la mirada sist\u00e9mica (3 m\u00f3dulos) Formaci\u00f3n ONLINE sobre terapia individual desde la mirada sist\u00e9mica","og_description":"Si vives fuera de Barcelona, eres terapeuta y\/o te estas formando para serlo y deseas incorporar recursos sist\u00e9micos en tu ACOMPA\u00d1AMIENTO INDIVIDUAL y ONLINE, te puede interesar esta\u00a0\u00a0formaci\u00f3n de 3 m\u00f3dulos","og_url":"https:\/\/marianamachuca.com\/it\/eventos\/formacion-online-sobre-terapia-individual-desde-la-mirada-sistemica\/","og_site_name":"Mariana Machuca","article_publisher":"https:\/\/www.facebook.com\/mariana.machuca.5","article_modified_time":"2023-02-25T08:55:58+00:00","og_image":[{"width":2560,"height":1706,"url":"https:\/\/marianamachuca.com\/wp-content\/uploads\/2022\/12\/15-scaled.jpg","type":"image\/jpeg"}],"twitter_card":"summary_large_image","twitter_misc":{"Tempo di lettura stimato":"2 minuti"},"schema":{"@context":"https:\/\/schema.org","@graph":[{"@type":"WebPage","@id":"https:\/\/marianamachuca.com\/eventos\/formacion-online-sobre-terapia-individual-desde-la-mirada-sistemica\/","url":"https:\/\/marianamachuca.com\/eventos\/formacion-online-sobre-terapia-individual-desde-la-mirada-sistemica\/","name":"Formaci\u00f3n ONLINE: Terapia Individual desde la mirada sist\u00e9mica (3 m\u00f3dulos) Formaci\u00f3n ONLINE sobre terapia individual desde la mirada sist\u00e9mica","isPartOf":{"@id":"https:\/\/marianamachuca.com\/#website"},"primaryImageOfPage":{"@id":"https:\/\/marianamachuca.com\/eventos\/formacion-online-sobre-terapia-individual-desde-la-mirada-sistemica\/#primaryimage"},"image":{"@id":"https:\/\/marianamachuca.com\/eventos\/formacion-online-sobre-terapia-individual-desde-la-mirada-sistemica\/#primaryimage"},"thumbnailUrl":"https:\/\/marianamachuca.com\/wp-content\/uploads\/2022\/12\/15-scaled.jpg","datePublished":"2023-01-31T14:44:10+00:00","dateModified":"2023-02-25T08:55:58+00:00","description":"Si vives fuera de Barcelona, eres terapeuta y\/o te estas formando para serlo y deseas incorporar recursos sist\u00e9micos en tu ACOMPA\u00d1AMIENTO INDIVIDUAL y ONLINE, te puede interesar esta\u00a0\u00a0formaci\u00f3n de 3 m\u00f3dulos","breadcrumb":{"@id":"https:\/\/marianamachuca.com\/eventos\/formacion-online-sobre-terapia-individual-desde-la-mirada-sistemica\/#breadcrumb"},"inLanguage":"it-IT","potentialAction":[{"@type":"ReadAction","target":["https:\/\/marianamachuca.com\/eventos\/formacion-online-sobre-terapia-individual-desde-la-mirada-sistemica\/"]}]},{"@type":"ImageObject","inLanguage":"it-IT","@id":"https:\/\/marianamachuca.com\/eventos\/formacion-online-sobre-terapia-individual-desde-la-mirada-sistemica\/#primaryimage","url":"https:\/\/marianamachuca.com\/wp-content\/uploads\/2022\/12\/15-scaled.jpg","contentUrl":"https:\/\/marianamachuca.com\/wp-content\/uploads\/2022\/12\/15-scaled.jpg","width":2560,"height":1706},{"@type":"BreadcrumbList","@id":"https:\/\/marianamachuca.com\/eventos\/formacion-online-sobre-terapia-individual-desde-la-mirada-sistemica\/#breadcrumb","itemListElement":[{"@type":"ListItem","position":1,"name":"Portada","item":"https:\/\/marianamachuca.com\/"},{"@type":"ListItem","position":2,"name":"Eventos","item":"https:\/\/marianamachuca.com\/events\/"},{"@type":"ListItem","position":3,"name":"Formaci\u00f3n ONLINE: Terapia Individual desde la mirada sist\u00e9mica (3 m\u00f3dulos)"}]},{"@type":"WebSite","@id":"https:\/\/marianamachuca.com\/#website","url":"https:\/\/marianamachuca.com\/","name":"Mariana Machuca","description":"Gestalt \u2013 Constelaciones \u2013 Eneagrama","publisher":{"@id":"https:\/\/marianamachuca.com\/#organization"},"potentialAction":[{"@type":"SearchAction","target":{"@type":"EntryPoint","urlTemplate":"https:\/\/marianamachuca.com\/?s={search_term_string}"},"query-input":{"@type":"PropertyValueSpecification","valueRequired":true,"valueName":"search_term_string"}}],"inLanguage":"it-IT"},{"@type":"Organization","@id":"https:\/\/marianamachuca.com\/#organization","name":"MARIANA MACHUCA","url":"https:\/\/marianamachuca.com\/","logo":{"@type":"ImageObject","inLanguage":"it-IT","@id":"https:\/\/marianamachuca.com\/#\/schema\/logo\/image\/","url":"https:\/\/marianamachuca.com\/wp-content\/uploads\/2022\/09\/Mariana-machuca-1.jpg","contentUrl":"https:\/\/marianamachuca.com\/wp-content\/uploads\/2022\/09\/Mariana-machuca-1.jpg","width":940,"height":788,"caption":"MARIANA MACHUCA"},"image":{"@id":"https:\/\/marianamachuca.com\/#\/schema\/logo\/image\/"},"sameAs":["https:\/\/www.facebook.com\/mariana.machuca.5","https:\/\/www.instagram.com\/mariana_machuca_10\/","https:\/\/www.linkedin.com\/in\/mariana-machuca\/"]}]}},"_links":{"self":[{"href":"https:\/\/marianamachuca.com\/it\/wp-json\/wp\/v2\/mec-events\/2390","targetHints":{"allow":["GET"]}}],"collection":[{"href":"https:\/\/marianamachuca.com\/it\/wp-json\/wp\/v2\/mec-events"}],"about":[{"href":"https:\/\/marianamachuca.com\/it\/wp-json\/wp\/v2\/types\/mec-events"}],"author":[{"embeddable":true,"href":"https:\/\/marianamachuca.com\/it\/wp-json\/wp\/v2\/users\/3"}],"replies":[{"embeddable":true,"href":"https:\/\/marianamachuca.com\/it\/wp-json\/wp\/v2\/comments?post=2390"}],"version-history":[{"count":1,"href":"https:\/\/marianamachuca.com\/it\/wp-json\/wp\/v2\/mec-events\/2390\/revisions"}],"predecessor-version":[{"id":2395,"href":"https:\/\/marianamachuca.com\/it\/wp-json\/wp\/v2\/mec-events\/2390\/revisions\/2395"}],"wp:featuredmedia":[{"embeddable":true,"href":"https:\/\/marianamachuca.com\/it\/wp-json\/wp\/v2\/media\/2379"}],"wp:attachment":[{"href":"https:\/\/marianamachuca.com\/it\/wp-json\/wp\/v2\/media?parent=2390"}],"wp:term":[{"taxonomy":"post_tag","embeddable":true,"href":"https:\/\/marianamachuca.com\/it\/wp-json\/wp\/v2\/tags?post=2390"},{"taxonomy":"mec_category","embeddable":true,"href":"https:\/\/marianamachuca.com\/it\/wp-json\/wp\/v2\/mec_category?post=2390"}],"curies":[{"name":"wp","href":"https:\/\/api.w.org\/{rel}","templated":true}]}}