{"id":3177,"date":"2025-12-31T01:42:06","date_gmt":"2025-12-31T00:42:06","guid":{"rendered":"https:\/\/marianamachuca.com\/?post_type=mec-events&#038;p=3177"},"modified":"2025-12-31T01:51:37","modified_gmt":"2025-12-31T00:51:37","slug":"presentacion-presencial-gratuita-del-grupo-terapeutico-latido","status":"publish","type":"mec-events","link":"https:\/\/marianamachuca.com\/it\/eventos\/presentacion-presencial-gratuita-del-grupo-terapeutico-latido\/","title":{"rendered":"Presentaci\u00f3n Gratuita de LATIDO (Presencial)"},"content":{"rendered":"<p data-start=\"197\" data-end=\"244\"><strong data-start=\"197\" data-end=\"244\">LATIDO: Grupo terap\u00e9utico presencial en Barcelona\u00a0<\/strong><\/p>\n<p data-start=\"246\" data-end=\"512\">El <strong data-start=\"249\" data-end=\"282\">jueves 15 de enero a las 19:30h<\/strong> ofrecer\u00e9 una <strong data-start=\"296\" data-end=\"328\">presentaci\u00f3n gratuita<\/strong> en formato PRESENCIAL para compartir en qu\u00e9 consiste <em data-start=\"360\" data-end=\"373\">LATIDO<\/em>, un grupo terap\u00e9utico dirigido a hombres y mujeres de todas las edades que desean conocerse y relacionarse mejor consigo mismos y con los dem\u00e1s.<\/p>\n<p data-start=\"514\" data-end=\"668\">Durante este encuentro presentar\u00e9 el enfoque del grupo, el formato de trabajo generando algunas experiencias, y habr\u00e1 un espacio para resolver dudas y valorar si este proceso es para ti.<\/p>\n<p data-start=\"670\" data-end=\"780\">\ud83d\udccd <strong data-start=\"673\" data-end=\"687\">Modalidad:<\/strong> Presencial en el barrio de Gracia\u00a0<br data-start=\"701\" data-end=\"704\" \/>\ud83d\udce9 <strong data-start=\"707\" data-end=\"739\">Inscripci\u00f3n previa necesaria<\/strong>. Env\u00edame un mensaje con la palabra \u00abLATIDO\u00bb a trav\u00e9s de este <a href=\"https:\/\/marianamachuca.com\/it\/contacto\/\">link<\/a><\/p>\n<p data-start=\"782\" data-end=\"845\">\n<p data-start=\"782\" data-end=\"845\">Si sientes el deseo de regalarte un espacio para ti, te espero!<\/p>","protected":false},"excerpt":{"rendered":"<p>Una presentaci\u00f3n para compartir en qu\u00e9 consiste LATIDO, un grupo terap\u00e9utico dirigido a hombres y mujeres de todas las edades que desean conocerse y relacionarse mejor consigo mismos y con los dem\u00e1s.\u00a0<\/p>","protected":false},"author":3,"featured_media":3174,"comment_status":"closed","ping_status":"closed","template":"","tags":[],"mec_category":[22],"class_list":["post-3177","mec-events","type-mec-events","status-publish","has-post-thumbnail","hentry","mec_category-prsentaciones"],"yoast_head":"<!-- This site is optimized with the Yoast SEO plugin v27.0 - https:\/\/yoast.com\/product\/yoast-seo-wordpress\/ -->\n<title>Presentaci\u00f3n Gratuita de LATIDO (Presencial)<\/title>\n<meta name=\"description\" content=\"Una presentaci\u00f3n para compartir en qu\u00e9 consiste LATIDO, un grupo terap\u00e9utico dirigido a hombres y mujeres de todas las edades que desean conocerse y relacionarse mejor consigo mismos y con los dem\u00e1s.\u00a0\" \/>\n<meta name=\"robots\" content=\"index, follow, max-snippet:-1, max-image-preview:large, max-video-preview:-1\" \/>\n<link rel=\"canonical\" href=\"https:\/\/marianamachuca.com\/it\/eventos\/presentacion-presencial-gratuita-del-grupo-terapeutico-latido\/\" \/>\n<meta property=\"og:locale\" content=\"it_IT\" \/>\n<meta property=\"og:type\" content=\"article\" \/>\n<meta property=\"og:title\" content=\"Presentaci\u00f3n Gratuita de LATIDO (Presencial)\" \/>\n<meta property=\"og:description\" content=\"Una presentaci\u00f3n para compartir en qu\u00e9 consiste LATIDO, un grupo terap\u00e9utico dirigido a hombres y mujeres de todas las edades que desean conocerse y relacionarse mejor consigo mismos y con los dem\u00e1s.\u00a0\" \/>\n<meta property=\"og:url\" content=\"https:\/\/marianamachuca.com\/it\/eventos\/presentacion-presencial-gratuita-del-grupo-terapeutico-latido\/\" \/>\n<meta property=\"og:site_name\" content=\"Mariana Machuca\" \/>\n<meta property=\"article:publisher\" content=\"https:\/\/www.facebook.com\/mariana.machuca.5\" \/>\n<meta property=\"article:modified_time\" content=\"2025-12-31T00:51:37+00:00\" \/>\n<meta property=\"og:image\" content=\"https:\/\/marianamachuca.com\/wp-content\/uploads\/2023\/11\/Grupo-mamas-3.png\" \/>\n\t<meta property=\"og:image:width\" content=\"1080\" \/>\n\t<meta property=\"og:image:height\" content=\"1080\" \/>\n\t<meta property=\"og:image:type\" content=\"image\/png\" \/>\n<meta name=\"twitter:card\" content=\"summary_large_image\" \/>\n<meta name=\"twitter:label1\" content=\"Tempo di lettura stimato\" \/>\n\t<meta name=\"twitter:data1\" content=\"1 minuto\" \/>\n<script type=\"application\/ld+json\" class=\"yoast-schema-graph\">{\"@context\":\"https:\/\/schema.org\",\"@graph\":[{\"@type\":\"WebPage\",\"@id\":\"https:\/\/marianamachuca.com\/eventos\/presentacion-presencial-gratuita-del-grupo-terapeutico-latido\/\",\"url\":\"https:\/\/marianamachuca.com\/eventos\/presentacion-presencial-gratuita-del-grupo-terapeutico-latido\/\",\"name\":\"Presentaci\u00f3n Gratuita de LATIDO (Presencial)\",\"isPartOf\":{\"@id\":\"https:\/\/marianamachuca.com\/#website\"},\"primaryImageOfPage\":{\"@id\":\"https:\/\/marianamachuca.com\/eventos\/presentacion-presencial-gratuita-del-grupo-terapeutico-latido\/#primaryimage\"},\"image\":{\"@id\":\"https:\/\/marianamachuca.com\/eventos\/presentacion-presencial-gratuita-del-grupo-terapeutico-latido\/#primaryimage\"},\"thumbnailUrl\":\"https:\/\/marianamachuca.com\/wp-content\/uploads\/2023\/11\/Grupo-mamas-3.png\",\"datePublished\":\"2025-12-31T00:42:06+00:00\",\"dateModified\":\"2025-12-31T00:51:37+00:00\",\"description\":\"Una presentaci\u00f3n para compartir en qu\u00e9 consiste LATIDO, un grupo terap\u00e9utico dirigido a hombres y mujeres de todas las edades que desean conocerse y relacionarse mejor consigo mismos y con los dem\u00e1s.\u00a0\",\"breadcrumb\":{\"@id\":\"https:\/\/marianamachuca.com\/eventos\/presentacion-presencial-gratuita-del-grupo-terapeutico-latido\/#breadcrumb\"},\"inLanguage\":\"it-IT\",\"potentialAction\":[{\"@type\":\"ReadAction\",\"target\":[\"https:\/\/marianamachuca.com\/eventos\/presentacion-presencial-gratuita-del-grupo-terapeutico-latido\/\"]}]},{\"@type\":\"ImageObject\",\"inLanguage\":\"it-IT\",\"@id\":\"https:\/\/marianamachuca.com\/eventos\/presentacion-presencial-gratuita-del-grupo-terapeutico-latido\/#primaryimage\",\"url\":\"https:\/\/marianamachuca.com\/wp-content\/uploads\/2023\/11\/Grupo-mamas-3.png\",\"contentUrl\":\"https:\/\/marianamachuca.com\/wp-content\/uploads\/2023\/11\/Grupo-mamas-3.png\",\"width\":1080,\"height\":1080},{\"@type\":\"BreadcrumbList\",\"@id\":\"https:\/\/marianamachuca.com\/eventos\/presentacion-presencial-gratuita-del-grupo-terapeutico-latido\/#breadcrumb\",\"itemListElement\":[{\"@type\":\"ListItem\",\"position\":1,\"name\":\"Portada\",\"item\":\"https:\/\/marianamachuca.com\/\"},{\"@type\":\"ListItem\",\"position\":2,\"name\":\"Eventos\",\"item\":\"https:\/\/marianamachuca.com\/events\/\"},{\"@type\":\"ListItem\",\"position\":3,\"name\":\"Presentaci\u00f3n Gratuita de LATIDO (Presencial)\"}]},{\"@type\":\"WebSite\",\"@id\":\"https:\/\/marianamachuca.com\/#website\",\"url\":\"https:\/\/marianamachuca.com\/\",\"name\":\"Mariana Machuca\",\"description\":\"Gestalt \u2013 Constelaciones \u2013 Eneagrama\",\"publisher\":{\"@id\":\"https:\/\/marianamachuca.com\/#organization\"},\"potentialAction\":[{\"@type\":\"SearchAction\",\"target\":{\"@type\":\"EntryPoint\",\"urlTemplate\":\"https:\/\/marianamachuca.com\/?s={search_term_string}\"},\"query-input\":{\"@type\":\"PropertyValueSpecification\",\"valueRequired\":true,\"valueName\":\"search_term_string\"}}],\"inLanguage\":\"it-IT\"},{\"@type\":\"Organization\",\"@id\":\"https:\/\/marianamachuca.com\/#organization\",\"name\":\"MARIANA MACHUCA\",\"url\":\"https:\/\/marianamachuca.com\/\",\"logo\":{\"@type\":\"ImageObject\",\"inLanguage\":\"it-IT\",\"@id\":\"https:\/\/marianamachuca.com\/#\/schema\/logo\/image\/\",\"url\":\"https:\/\/marianamachuca.com\/wp-content\/uploads\/2022\/09\/Mariana-machuca-1.jpg\",\"contentUrl\":\"https:\/\/marianamachuca.com\/wp-content\/uploads\/2022\/09\/Mariana-machuca-1.jpg\",\"width\":940,\"height\":788,\"caption\":\"MARIANA MACHUCA\"},\"image\":{\"@id\":\"https:\/\/marianamachuca.com\/#\/schema\/logo\/image\/\"},\"sameAs\":[\"https:\/\/www.facebook.com\/mariana.machuca.5\",\"https:\/\/www.instagram.com\/mariana_machuca_10\/\",\"https:\/\/www.linkedin.com\/in\/mariana-machuca\/\"]}]}<\/script>\n<!-- \/ Yoast SEO plugin. -->","yoast_head_json":{"title":"Presentaci\u00f3n Gratuita de LATIDO (Presencial)","description":"Una presentaci\u00f3n para compartir en qu\u00e9 consiste LATIDO, un grupo terap\u00e9utico dirigido a hombres y mujeres de todas las edades que desean conocerse y relacionarse mejor consigo mismos y con los dem\u00e1s.\u00a0","robots":{"index":"index","follow":"follow","max-snippet":"max-snippet:-1","max-image-preview":"max-image-preview:large","max-video-preview":"max-video-preview:-1"},"canonical":"https:\/\/marianamachuca.com\/it\/eventos\/presentacion-presencial-gratuita-del-grupo-terapeutico-latido\/","og_locale":"it_IT","og_type":"article","og_title":"Presentaci\u00f3n Gratuita de LATIDO (Presencial)","og_description":"Una presentaci\u00f3n para compartir en qu\u00e9 consiste LATIDO, un grupo terap\u00e9utico dirigido a hombres y mujeres de todas las edades que desean conocerse y relacionarse mejor consigo mismos y con los dem\u00e1s.\u00a0","og_url":"https:\/\/marianamachuca.com\/it\/eventos\/presentacion-presencial-gratuita-del-grupo-terapeutico-latido\/","og_site_name":"Mariana Machuca","article_publisher":"https:\/\/www.facebook.com\/mariana.machuca.5","article_modified_time":"2025-12-31T00:51:37+00:00","og_image":[{"width":1080,"height":1080,"url":"https:\/\/marianamachuca.com\/wp-content\/uploads\/2023\/11\/Grupo-mamas-3.png","type":"image\/png"}],"twitter_card":"summary_large_image","twitter_misc":{"Tempo di lettura stimato":"1 minuto"},"schema":{"@context":"https:\/\/schema.org","@graph":[{"@type":"WebPage","@id":"https:\/\/marianamachuca.com\/eventos\/presentacion-presencial-gratuita-del-grupo-terapeutico-latido\/","url":"https:\/\/marianamachuca.com\/eventos\/presentacion-presencial-gratuita-del-grupo-terapeutico-latido\/","name":"Presentaci\u00f3n Gratuita de LATIDO (Presencial)","isPartOf":{"@id":"https:\/\/marianamachuca.com\/#website"},"primaryImageOfPage":{"@id":"https:\/\/marianamachuca.com\/eventos\/presentacion-presencial-gratuita-del-grupo-terapeutico-latido\/#primaryimage"},"image":{"@id":"https:\/\/marianamachuca.com\/eventos\/presentacion-presencial-gratuita-del-grupo-terapeutico-latido\/#primaryimage"},"thumbnailUrl":"https:\/\/marianamachuca.com\/wp-content\/uploads\/2023\/11\/Grupo-mamas-3.png","datePublished":"2025-12-31T00:42:06+00:00","dateModified":"2025-12-31T00:51:37+00:00","description":"Una presentaci\u00f3n para compartir en qu\u00e9 consiste LATIDO, un grupo terap\u00e9utico dirigido a hombres y mujeres de todas las edades que desean conocerse y relacionarse mejor consigo mismos y con los dem\u00e1s.\u00a0","breadcrumb":{"@id":"https:\/\/marianamachuca.com\/eventos\/presentacion-presencial-gratuita-del-grupo-terapeutico-latido\/#breadcrumb"},"inLanguage":"it-IT","potentialAction":[{"@type":"ReadAction","target":["https:\/\/marianamachuca.com\/eventos\/presentacion-presencial-gratuita-del-grupo-terapeutico-latido\/"]}]},{"@type":"ImageObject","inLanguage":"it-IT","@id":"https:\/\/marianamachuca.com\/eventos\/presentacion-presencial-gratuita-del-grupo-terapeutico-latido\/#primaryimage","url":"https:\/\/marianamachuca.com\/wp-content\/uploads\/2023\/11\/Grupo-mamas-3.png","contentUrl":"https:\/\/marianamachuca.com\/wp-content\/uploads\/2023\/11\/Grupo-mamas-3.png","width":1080,"height":1080},{"@type":"BreadcrumbList","@id":"https:\/\/marianamachuca.com\/eventos\/presentacion-presencial-gratuita-del-grupo-terapeutico-latido\/#breadcrumb","itemListElement":[{"@type":"ListItem","position":1,"name":"Portada","item":"https:\/\/marianamachuca.com\/"},{"@type":"ListItem","position":2,"name":"Eventos","item":"https:\/\/marianamachuca.com\/events\/"},{"@type":"ListItem","position":3,"name":"Presentaci\u00f3n Gratuita de LATIDO (Presencial)"}]},{"@type":"WebSite","@id":"https:\/\/marianamachuca.com\/#website","url":"https:\/\/marianamachuca.com\/","name":"Mariana Machuca","description":"Gestalt \u2013 Constelaciones \u2013 Eneagrama","publisher":{"@id":"https:\/\/marianamachuca.com\/#organization"},"potentialAction":[{"@type":"SearchAction","target":{"@type":"EntryPoint","urlTemplate":"https:\/\/marianamachuca.com\/?s={search_term_string}"},"query-input":{"@type":"PropertyValueSpecification","valueRequired":true,"valueName":"search_term_string"}}],"inLanguage":"it-IT"},{"@type":"Organization","@id":"https:\/\/marianamachuca.com\/#organization","name":"MARIANA MACHUCA","url":"https:\/\/marianamachuca.com\/","logo":{"@type":"ImageObject","inLanguage":"it-IT","@id":"https:\/\/marianamachuca.com\/#\/schema\/logo\/image\/","url":"https:\/\/marianamachuca.com\/wp-content\/uploads\/2022\/09\/Mariana-machuca-1.jpg","contentUrl":"https:\/\/marianamachuca.com\/wp-content\/uploads\/2022\/09\/Mariana-machuca-1.jpg","width":940,"height":788,"caption":"MARIANA MACHUCA"},"image":{"@id":"https:\/\/marianamachuca.com\/#\/schema\/logo\/image\/"},"sameAs":["https:\/\/www.facebook.com\/mariana.machuca.5","https:\/\/www.instagram.com\/mariana_machuca_10\/","https:\/\/www.linkedin.com\/in\/mariana-machuca\/"]}]}},"_links":{"self":[{"href":"https:\/\/marianamachuca.com\/it\/wp-json\/wp\/v2\/mec-events\/3177","targetHints":{"allow":["GET"]}}],"collection":[{"href":"https:\/\/marianamachuca.com\/it\/wp-json\/wp\/v2\/mec-events"}],"about":[{"href":"https:\/\/marianamachuca.com\/it\/wp-json\/wp\/v2\/types\/mec-events"}],"author":[{"embeddable":true,"href":"https:\/\/marianamachuca.com\/it\/wp-json\/wp\/v2\/users\/3"}],"replies":[{"embeddable":true,"href":"https:\/\/marianamachuca.com\/it\/wp-json\/wp\/v2\/comments?post=3177"}],"version-history":[{"count":2,"href":"https:\/\/marianamachuca.com\/it\/wp-json\/wp\/v2\/mec-events\/3177\/revisions"}],"predecessor-version":[{"id":3183,"href":"https:\/\/marianamachuca.com\/it\/wp-json\/wp\/v2\/mec-events\/3177\/revisions\/3183"}],"wp:featuredmedia":[{"embeddable":true,"href":"https:\/\/marianamachuca.com\/it\/wp-json\/wp\/v2\/media\/3174"}],"wp:attachment":[{"href":"https:\/\/marianamachuca.com\/it\/wp-json\/wp\/v2\/media?parent=3177"}],"wp:term":[{"taxonomy":"post_tag","embeddable":true,"href":"https:\/\/marianamachuca.com\/it\/wp-json\/wp\/v2\/tags?post=3177"},{"taxonomy":"mec_category","embeddable":true,"href":"https:\/\/marianamachuca.com\/it\/wp-json\/wp\/v2\/mec_category?post=3177"}],"curies":[{"name":"wp","href":"https:\/\/api.w.org\/{rel}","templated":true}]}}